{"id":5517,"date":"2026-04-15T16:55:59","date_gmt":"2026-04-15T16:55:59","guid":{"rendered":"https:\/\/agse.pt\/?page_id=5517"},"modified":"2026-04-15T16:59:44","modified_gmt":"2026-04-15T16:59:44","slug":"apoio-aos-orgaos-de-administracao-e-gestao","status":"publish","type":"page","link":"https:\/\/agse.pt\/en\/perguntas-frequentes\/apoio-aos-orgaos-de-administracao-e-gestao\/","title":{"rendered":"Support for Administrative and Management Bodies"},"content":{"rendered":"<section id=\"block_214a41881acefff674d94d6257e2bc23\" class=\"content-block b-faq --bg-white\">\n\t\t\t<div class=\"c-section-intro --align-left\">\n\t<div class=\"container\">\n\t\t\t\t\t\t\t<h2 class=\"headline-1\">Support for Administrative and Management Bodies<\/h2>\t\t\t\t\t\t\t<div class=\"text c-description\"><p>This Frequently Asked Questions (FAQ) section on support for the administrative and management bodies of school clusters and non-clustered schools provides clarifications on the composition, powers and functioning of the respective bodies, as well as on the applicable legal procedures.<\/p>\n<\/div>\t<\/div>\n<\/div>\n\t\t\t<div class=\"container\">\n\t\t\t\t<div class=\"in-mobile\">\n\t\t\t\t\t\t\t\t\t\t\t<div class=\"c-dropdown faq-mobile-dropdown\" aria-label=\"T\u00f3pico\">\n\t\t\t\t\t\t\t<a href=\"#\" class=\"dropdown-toggle js-dropdown-toggle\">General Council<\/a>\n\t\t\t\t\t\t\t<ul class=\"dropdown-list\">\n\t\t\t\t\t\t\t\t\t\t\t\t\t\t\t\t\t<li class=\"--is-active\" role=\"presentation\">\n\t\t\t\t\t\t\t\t\t\t<button\n\t\t\t\t\t\t\t\t\t\t\t class=\"--is-active\"\t\t\t\t\t\t\t\t\t\t\ttype=\"button\"\n\t\t\t\t\t\t\t\t\t\t\trole=\"tab\"\n\t\t\t\t\t\t\t\t\t\t\tid=\"faq-tab-block_214a41881acefff674d94d6257e2bc23-m-1\"\n\t\t\t\t\t\t\t\t\t\t\taria-controls=\"faq-tabpanel-block_214a41881acefff674d94d6257e2bc23-m-1\"\n\t\t\t\t\t\t\t\t\t\t\taria-selected=\"true\"\n\t\t\t\t\t\t\t\t\t\t\ttabindex=\"0\"\n\t\t\t\t\t\t\t\t\t\t>\n\t\t\t\t\t\t\t\t\t\t\tGeneral Council\t\t\t\t\t\t\t\t\t\t<\/button>\n\t\t\t\t\t\t\t\t\t<\/li>\n\t\t\t\t\t\t\t\t\t\t\t\t\t\t\t\t\t\t<li role=\"presentation\">\n\t\t\t\t\t\t\t\t\t\t<button\n\t\t\t\t\t\t\t\t\t\t\t\t\t\t\t\t\t\t\t\t\t\ttype=\"button\"\n\t\t\t\t\t\t\t\t\t\t\trole=\"tab\"\n\t\t\t\t\t\t\t\t\t\t\tid=\"faq-tab-block_214a41881acefff674d94d6257e2bc23-m-2\"\n\t\t\t\t\t\t\t\t\t\t\taria-controls=\"faq-tabpanel-block_214a41881acefff674d94d6257e2bc23-m-2\"\n\t\t\t\t\t\t\t\t\t\t\taria-selected=\"false\"\n\t\t\t\t\t\t\t\t\t\t\ttabindex=\"-1\"\n\t\t\t\t\t\t\t\t\t\t>\n\t\t\t\t\t\t\t\t\t\t\tDirector\t\t\t\t\t\t\t\t\t\t<\/button>\n\t\t\t\t\t\t\t\t\t<\/li>\n\t\t\t\t\t\t\t\t\t\t\t\t\t\t\t\t\t\t<li role=\"presentation\">\n\t\t\t\t\t\t\t\t\t\t<button\n\t\t\t\t\t\t\t\t\t\t\t\t\t\t\t\t\t\t\t\t\t\ttype=\"button\"\n\t\t\t\t\t\t\t\t\t\t\trole=\"tab\"\n\t\t\t\t\t\t\t\t\t\t\tid=\"faq-tab-block_214a41881acefff674d94d6257e2bc23-m-3\"\n\t\t\t\t\t\t\t\t\t\t\taria-controls=\"faq-tabpanel-block_214a41881acefff674d94d6257e2bc23-m-3\"\n\t\t\t\t\t\t\t\t\t\t\taria-selected=\"false\"\n\t\t\t\t\t\t\t\t\t\t\ttabindex=\"-1\"\n\t\t\t\t\t\t\t\t\t\t>\n\t\t\t\t\t\t\t\t\t\t\tProvisional Administrative Commission (CAP)\t\t\t\t\t\t\t\t\t\t<\/button>\n\t\t\t\t\t\t\t\t\t<\/li>\n\t\t\t\t\t\t\t\t\t\t\t\t\t\t\t\t<\/ul>\n\t\t\t\t\t\t<\/div>\n\t\t\t\t\t\t\t\t\t\t<div class=\"faq-tabs-content faq-tabs-content--mobile\" id=\"faq-tabs-mobile-block_214a41881acefff674d94d6257e2bc23\">\n\t\t\t\t\t\t\t\t\t<div class=\"faq-tab-panel faq-tab-panel--is-active\" role=\"tabpanel\" id=\"faq-tabpanel-block_214a41881acefff674d94d6257e2bc23-m-1\" aria-label=\"General Council\">\n\t\t\t\t<div class=\"faq-controls\">\n\t\t\t\t\t<h3 class=\"title\">\n\t\t\t\t\t\tGeneral Council\t\t\t\t\t<\/h3>\n\t\t\t\t\t<button type=\"button\" class=\"js-faq-toggle-all c-button --outlined --black\" data-label-open=\"Abrir todas\" data-label-close=\"Fechar todas\" aria-expanded=\"false\">\n\t\t\t\t\t\tAbrir todas\t\t\t\t\t<\/button>\n\t\t\t\t<\/div>\n\t\t\t\t<div class=\"faq-accordion\">\n\t\t\t\t\t\t\t\t<div class=\"faq-item\">\n\t\t\t\t<h4 class=\"faq-item-toggle\">\n\t\t\t\t\t<button type=\"button\" class=\"js-faq-toggle\" aria-controls=\"faq-panel-block_214a41881acefff674d94d6257e2bc23-m-1-1\" aria-expanded=\"false\" id=\"faq-btn-block_214a41881acefff674d94d6257e2bc23-m-1-1\">\n\t\t\t\t\t\tDo the resolutions take effect before the minutes are approved?\t\t\t\t\t<\/button>\n\t\t\t\t<\/h4>\n\t\t\t\t<div class=\"faq-item-content\" id=\"faq-panel-block_214a41881acefff674d94d6257e2bc23-m-1-1\" role=\"region\" aria-labelledby=\"faq-btn-block_214a41881acefff674d94d6257e2bc23-m-1-1\" hidden>\n\t\t\t\t\t<div class=\"c-description\">\n\t\t\t\t\t\t<p>Yes. The decisions of collegiate bodies can take effect before the minutes are approved, provided they have been approved in draft form and signed at the meeting itself.<\/p>\n<p>In the absence of approval in writing, the resolutions only become effective after the respective minutes have been approved.<\/p>\n<p>Legal basis: Article 34, paragraph 6, of the Code of Administrative Procedure, approved by <a href=\"https:\/\/diariodarepublica.pt\/dr\/legislacao-consolidada\/decreto-lei\/2015-105602322\">Decree-Law No. 4\/2015, of January 7<\/a>, in its current wording<\/p>\n\t\t\t\t\t<\/div>\n\t\t\t\t<\/div>\n\t\t\t<\/div>\n\t\t\t\t\t\t<div class=\"faq-item\">\n\t\t\t\t<h4 class=\"faq-item-toggle\">\n\t\t\t\t\t<button type=\"button\" class=\"js-faq-toggle\" aria-controls=\"faq-panel-block_214a41881acefff674d94d6257e2bc23-m-1-2\" aria-expanded=\"false\" id=\"faq-btn-block_214a41881acefff674d94d6257e2bc23-m-1-2\">\n\t\t\t\t\t\tAre the General Council meetings public?\t\t\t\t\t<\/button>\n\t\t\t\t<\/h4>\n\t\t\t\t<div class=\"faq-item-content\" id=\"faq-panel-block_214a41881acefff674d94d6257e2bc23-m-1-2\" role=\"region\" aria-labelledby=\"faq-btn-block_214a41881acefff674d94d6257e2bc23-m-1-2\" hidden>\n\t\t\t\t\t<div class=\"c-description\">\n\t\t\t\t\t\t<p>Generally, no. The applicable legal framework does not mandate the public disclosure of General Council meetings.<\/p>\n<p>Aspects relating to the functioning of the body, including the possible opening of meetings or the participation of third parties, should be defined in its rules of procedure.<\/p>\n<p>Any opening to the public must safeguard the regular functioning of the body and compliance with confidentiality obligations.<\/p>\n<p>Legal basis: Article 27, paragraph 1 of the Code of Administrative Procedure, approved by <a href=\"https:\/\/diariodarepublica.pt\/dr\/legislacao-consolidada\/decreto-lei\/2015-105602322\">Decree-Law No. 4\/2015, of January 7<\/a>, in its current wording<\/p>\n\t\t\t\t\t<\/div>\n\t\t\t\t<\/div>\n\t\t\t<\/div>\n\t\t\t\t\t\t<div class=\"faq-item\">\n\t\t\t\t<h4 class=\"faq-item-toggle\">\n\t\t\t\t\t<button type=\"button\" class=\"js-faq-toggle\" aria-controls=\"faq-panel-block_214a41881acefff674d94d6257e2bc23-m-1-3\" aria-expanded=\"false\" id=\"faq-btn-block_214a41881acefff674d94d6257e2bc23-m-1-3\">\n\t\t\t\t\t\tHow is the election of the President of the General Council carried out?\t\t\t\t\t<\/button>\n\t\t\t\t<\/h4>\n\t\t\t\t<div class=\"faq-item-content\" id=\"faq-panel-block_214a41881acefff674d94d6257e2bc23-m-1-3\" role=\"region\" aria-labelledby=\"faq-btn-block_214a41881acefff674d94d6257e2bc23-m-1-3\" hidden>\n\t\t\t\t\t<div class=\"c-description\">\n\t\t\t\t\t\t<p>The President of the General Council is elected by an absolute majority vote of the General Council members in office. The election is held in accordance with the terms defined in the respective regulations.<\/p>\n<p>Legal basis: Article 13, paragraph 1, subparagraph a), and paragraph 2, of <a href=\"https:\/\/diariodarepublica.pt\/dr\/detalhe\/decreto-lei\/75-2008-249866\">Decree-Law No. 75\/2008, of April 22<\/a>, in its current wording.<\/p>\n\t\t\t\t\t<\/div>\n\t\t\t\t<\/div>\n\t\t\t<\/div>\n\t\t\t\t\t\t<div class=\"faq-item\">\n\t\t\t\t<h4 class=\"faq-item-toggle\">\n\t\t\t\t\t<button type=\"button\" class=\"js-faq-toggle\" aria-controls=\"faq-panel-block_214a41881acefff674d94d6257e2bc23-m-1-4\" aria-expanded=\"false\" id=\"faq-btn-block_214a41881acefff674d94d6257e2bc23-m-1-4\">\n\t\t\t\t\t\tHow are representatives elected to the General Council?\t\t\t\t\t<\/button>\n\t\t\t\t<\/h4>\n\t\t\t\t<div class=\"faq-item-content\" id=\"faq-panel-block_214a41881acefff674d94d6257e2bc23-m-1-4\" role=\"region\" aria-labelledby=\"faq-btn-block_214a41881acefff674d94d6257e2bc23-m-1-4\" hidden>\n\t\t\t\t\t<div class=\"c-description\">\n\t\t\t\t\t\t<p>The representatives of the different bodies on the General Council are elected by their respective peers, in accordance with the provisions of the legal framework governing the autonomy, administration and management of public educational establishments.<\/p>\n<p>Candidates are submitted in separate lists for each of the represented bodies.<\/p>\n<p>The conversion of votes into seats is done according to the highest average proportional representation method of Hondt.<\/p>\n<p>Legal basis: articles 14 and 15 of \u00a0<a href=\"https:\/\/diariodarepublica.pt\/dr\/detalhe\/decreto-lei\/75-2008-249866\">Decree-Law No. 75\/2008, of April 22<\/a>, in its current wording.<\/p>\n\t\t\t\t\t<\/div>\n\t\t\t\t<\/div>\n\t\t\t<\/div>\n\t\t\t\t\t\t<div class=\"faq-item\">\n\t\t\t\t<h4 class=\"faq-item-toggle\">\n\t\t\t\t\t<button type=\"button\" class=\"js-faq-toggle\" aria-controls=\"faq-panel-block_214a41881acefff674d94d6257e2bc23-m-1-5\" aria-expanded=\"false\" id=\"faq-btn-block_214a41881acefff674d94d6257e2bc23-m-1-5\">\n\t\t\t\t\t\tCan the General Council deliberate without the presence of all members?\t\t\t\t\t<\/button>\n\t\t\t\t<\/h4>\n\t\t\t\t<div class=\"faq-item-content\" id=\"faq-panel-block_214a41881acefff674d94d6257e2bc23-m-1-5\" role=\"region\" aria-labelledby=\"faq-btn-block_214a41881acefff674d94d6257e2bc23-m-1-5\" hidden>\n\t\t\t\t\t<div class=\"c-description\">\n\t\t\t\t\t\t<p>Yes. The General Council may validly meet and deliberate without the presence of all its members, provided that the legally required quorum is ensured.<\/p>\n<p>The body functions validly when a majority of its legally required members are present and actively performing their duties.<\/p>\n<p>Decisions are made by a simple majority vote of the members present, unless a legal or regulatory provision requires a qualified majority, and the rules for convening and operating as set out in the respective regulations must be respected.<\/p>\n<p>Legal basis:<\/p>\n<ul>\n<li>Article 68. <a href=\"https:\/\/diariodarepublica.pt\/dr\/detalhe\/decreto-lei\/75-2008-249866\">Decree-Law No. 75\/2008, of April 22<\/a>, in its current wording<\/li>\n<li>Article 29 of the Code of Administrative Procedure, approved by <a href=\"https:\/\/diariodarepublica.pt\/dr\/legislacao-consolidada\/decreto-lei\/2015-105602322\">Decree-Law No. 4\/2015, of January 7<\/a>, in its current wording<\/li>\n<\/ul>\n\t\t\t\t\t<\/div>\n\t\t\t\t<\/div>\n\t\t\t<\/div>\n\t\t\t\t\t\t<div class=\"faq-item\">\n\t\t\t\t<h4 class=\"faq-item-toggle\">\n\t\t\t\t\t<button type=\"button\" class=\"js-faq-toggle\" aria-controls=\"faq-panel-block_214a41881acefff674d94d6257e2bc23-m-1-6\" aria-expanded=\"false\" id=\"faq-btn-block_214a41881acefff674d94d6257e2bc23-m-1-6\">\n\t\t\t\t\t\tCan internal regulations contradict the law?\t\t\t\t\t<\/button>\n\t\t\t\t<\/h4>\n\t\t\t\t<div class=\"faq-item-content\" id=\"faq-panel-block_214a41881acefff674d94d6257e2bc23-m-1-6\" role=\"region\" aria-labelledby=\"faq-btn-block_214a41881acefff674d94d6257e2bc23-m-1-6\" hidden>\n\t\t\t\t\t<div class=\"c-description\">\n\t\t\t\t\t\t<p>No. The internal regulations constitute an instrument for the organization and functioning of the organic unit, and must comply with the applicable legal and regulatory framework.<\/p>\n<p>The rules contained in the internal regulations cannot contradict legal or regulatory provisions of a higher level, nor establish solutions that exceed or modify the legal regime defined by law.<\/p>\n<p>The internal rules and regulations of the bodies must be drawn up in accordance with the legal framework applicable to the operation and organization of the organizational unit.<\/p>\n<p>Legal basis:<\/p>\n<ul>\n<li>Article 3 of the Code of Administrative Procedure, approved by <a href=\"https:\/\/diariodarepublica.pt\/dr\/legislacao-consolidada\/decreto-lei\/2015-105602322\">Decree-Law No. 4\/2015, of January 7<\/a>, in its current wording<\/li>\n<li>articles 9 and 13 of <a href=\"https:\/\/diariodarepublica.pt\/dr\/detalhe\/decreto-lei\/75-2008-249866\">Decree-Law No. 75\/2008, of April 22<\/a>, in its current wording<\/li>\n<\/ul>\n\t\t\t\t\t<\/div>\n\t\t\t\t<\/div>\n\t\t\t<\/div>\n\t\t\t\t\t\t<div class=\"faq-item\">\n\t\t\t\t<h4 class=\"faq-item-toggle\">\n\t\t\t\t\t<button type=\"button\" class=\"js-faq-toggle\" aria-controls=\"faq-panel-block_214a41881acefff674d94d6257e2bc23-m-1-7\" aria-expanded=\"false\" id=\"faq-btn-block_214a41881acefff674d94d6257e2bc23-m-1-7\">\n\t\t\t\t\t\tWhat is the term of office for members of the General Council?\t\t\t\t\t<\/button>\n\t\t\t\t<\/h4>\n\t\t\t\t<div class=\"faq-item-content\" id=\"faq-panel-block_214a41881acefff674d94d6257e2bc23-m-1-7\" role=\"region\" aria-labelledby=\"faq-btn-block_214a41881acefff674d94d6257e2bc23-m-1-7\" hidden>\n\t\t\t\t\t<div class=\"c-description\">\n\t\t\t\t\t\t<p>The term of office for members of the General Council is, as a rule, four years.<\/p>\n<p>In the case of representatives of parents and guardians and of students, the term of office is two school years.<\/p>\n<p>Legal basis: Article 16, paragraphs 1 and 2, of <a href=\"https:\/\/diariodarepublica.pt\/dr\/detalhe\/decreto-lei\/75-2008-249866\">Decree-Law No. 75\/2008, of April 22<\/a>, in its current wording<\/p>\n\t\t\t\t\t<\/div>\n\t\t\t\t<\/div>\n\t\t\t<\/div>\n\t\t\t\t\t\t<div class=\"faq-item\">\n\t\t\t\t<h4 class=\"faq-item-toggle\">\n\t\t\t\t\t<button type=\"button\" class=\"js-faq-toggle\" aria-controls=\"faq-panel-block_214a41881acefff674d94d6257e2bc23-m-1-8\" aria-expanded=\"false\" id=\"faq-btn-block_214a41881acefff674d94d6257e2bc23-m-1-8\">\n\t\t\t\t\t\tWhen do the General Council meetings take place?\t\t\t\t\t<\/button>\n\t\t\t\t<\/h4>\n\t\t\t\t<div class=\"faq-item-content\" id=\"faq-panel-block_214a41881acefff674d94d6257e2bc23-m-1-8\" role=\"region\" aria-labelledby=\"faq-btn-block_214a41881acefff674d94d6257e2bc23-m-1-8\" hidden>\n\t\t\t\t\t<div class=\"c-description\">\n\t\t\t\t\t\t<p>The General Council ordinarily meets once a quarter.<\/p>\n<p>The General Council meets extraordinarily whenever convened by its President, either on his own initiative, at the request of one-third of its members in active service, or at the request of the Director.<\/p>\n<p>Legal basis: Article 17, paragraphs 1 and 2, of <a href=\"https:\/\/diariodarepublica.pt\/dr\/detalhe\/decreto-lei\/75-2008-249866\">Decree-Law No. 75\/2008, of April 22<\/a>, in its current wording<\/p>\n\t\t\t\t\t<\/div>\n\t\t\t\t<\/div>\n\t\t\t<\/div>\n\t\t\t\t\t\t<div class=\"faq-item\">\n\t\t\t\t<h4 class=\"faq-item-toggle\">\n\t\t\t\t\t<button type=\"button\" class=\"js-faq-toggle\" aria-controls=\"faq-panel-block_214a41881acefff674d94d6257e2bc23-m-1-9\" aria-expanded=\"false\" id=\"faq-btn-block_214a41881acefff674d94d6257e2bc23-m-1-9\">\n\t\t\t\t\t\tHow many members make up the General Council?\t\t\t\t\t<\/button>\n\t\t\t\t<\/h4>\n\t\t\t\t<div class=\"faq-item-content\" id=\"faq-panel-block_214a41881acefff674d94d6257e2bc23-m-1-9\" role=\"region\" aria-labelledby=\"faq-btn-block_214a41881acefff674d94d6257e2bc23-m-1-9\" hidden>\n\t\t\t\t\t<div class=\"c-description\">\n\t\t\t\t\t\t<p>The number of members that make up the General Council is defined in the internal regulations of each school cluster or non-clustered school. The General Council must consist of an odd number of members, not exceeding 21.<\/p>\n<p>Legal basis: Article 12, paragraph 1, of <a href=\"https:\/\/diariodarepublica.pt\/dr\/detalhe\/decreto-lei\/75-2008-249866\">Decree-Law No. 75\/2008, of April 22<\/a>, in its current wording<\/p>\n\t\t\t\t\t<\/div>\n\t\t\t\t<\/div>\n\t\t\t<\/div>\n\t\t\t\t\t\t<div class=\"faq-item\">\n\t\t\t\t<h4 class=\"faq-item-toggle\">\n\t\t\t\t\t<button type=\"button\" class=\"js-faq-toggle\" aria-controls=\"faq-panel-block_214a41881acefff674d94d6257e2bc23-m-1-10\" aria-expanded=\"false\" id=\"faq-btn-block_214a41881acefff674d94d6257e2bc23-m-1-10\">\n\t\t\t\t\t\tWhich bodies ensure the administration and management of school clusters and non-clustered schools?\t\t\t\t\t<\/button>\n\t\t\t\t<\/h4>\n\t\t\t\t<div class=\"faq-item-content\" id=\"faq-panel-block_214a41881acefff674d94d6257e2bc23-m-1-10\" role=\"region\" aria-labelledby=\"faq-btn-block_214a41881acefff674d94d6257e2bc23-m-1-10\" hidden>\n\t\t\t\t\t<div class=\"c-description\">\n\t\t\t\t\t\t<p>The administration and management of school clusters and non-clustered schools is ensured by the following bodies:<\/p>\n<ul>\n<li>\n<ul>\n<li>General Council;<\/li>\n<li>Director;<\/li>\n<li>Pedagogical Council;<\/li>\n<li>Board of Directors.<\/li>\n<\/ul>\n<\/li>\n<\/ul>\n<p>These bodies exercise their respective powers in accordance with the legal framework governing the autonomy, administration and management of schools.<\/p>\n<p>Legal basis: Article 10, paragraph 2, of <a href=\"https:\/\/diariodarepublica.pt\/dr\/detalhe\/decreto-lei\/75-2008-249866\">Decree-Law No. 75\/2008, of April 22<\/a>, in its current wording.<\/p>\n\t\t\t\t\t<\/div>\n\t\t\t\t<\/div>\n\t\t\t<\/div>\n\t\t\t\t\t\t<div class=\"faq-item\">\n\t\t\t\t<h4 class=\"faq-item-toggle\">\n\t\t\t\t\t<button type=\"button\" class=\"js-faq-toggle\" aria-controls=\"faq-panel-block_214a41881acefff674d94d6257e2bc23-m-1-11\" aria-expanded=\"false\" id=\"faq-btn-block_214a41881acefff674d94d6257e2bc23-m-1-11\">\n\t\t\t\t\t\tWho approves the internal regulations of the General Council?\t\t\t\t\t<\/button>\n\t\t\t\t<\/h4>\n\t\t\t\t<div class=\"faq-item-content\" id=\"faq-panel-block_214a41881acefff674d94d6257e2bc23-m-1-11\" role=\"region\" aria-labelledby=\"faq-btn-block_214a41881acefff674d94d6257e2bc23-m-1-11\" hidden>\n\t\t\t\t\t<div class=\"c-description\">\n\t\t\t\t\t\t<p>The approval of the internal regulations falls under the competence of the General Council, as the body responsible for defining strategic guidelines and the overall organization of the organizational unit.<\/p>\n<p>The internal regulations constitute a structuring instrument for the functioning of the school or school group.<\/p>\n<p>It is the responsibility of the General Council to decide on its approval, as well as on any changes or revisions, in the exercise of its own powers.<\/p>\n<p>Legal basis: Article 13, paragraph 1, d) of <a href=\"https:\/\/diariodarepublica.pt\/dr\/detalhe\/decreto-lei\/75-2008-249866\">Decree-Law No. 75\/2008, of April 22<\/a>, in its current wording<\/p>\n\t\t\t\t\t<\/div>\n\t\t\t\t<\/div>\n\t\t\t<\/div>\n\t\t\t\t\t\t<div class=\"faq-item\">\n\t\t\t\t<h4 class=\"faq-item-toggle\">\n\t\t\t\t\t<button type=\"button\" class=\"js-faq-toggle\" aria-controls=\"faq-panel-block_214a41881acefff674d94d6257e2bc23-m-1-12\" aria-expanded=\"false\" id=\"faq-btn-block_214a41881acefff674d94d6257e2bc23-m-1-12\">\n\t\t\t\t\t\tWho convenes the General Council?\t\t\t\t\t<\/button>\n\t\t\t\t<\/h4>\n\t\t\t\t<div class=\"faq-item-content\" id=\"faq-panel-block_214a41881acefff674d94d6257e2bc23-m-1-12\" role=\"region\" aria-labelledby=\"faq-btn-block_214a41881acefff674d94d6257e2bc23-m-1-12\" hidden>\n\t\t\t\t\t<div class=\"c-description\">\n\t\t\t\t\t\t<p>The General Council meetings are convened in accordance with the terms defined in its regulations, which establish the rules for the organization and functioning of the body.<\/p>\n<p>As a rule, the convocation is carried out by the President of the General Council, as he is responsible for ensuring the regular functioning of the body.<\/p>\n<p>The specific terms of the convocation, as well as the possibility of holding extraordinary meetings, should be verified in the rules of procedure of the General Council.<\/p>\n<p>Legal basis:<\/p>\n<ul>\n<li>Article 17, paragraph 1, and Article 55, paragraphs 1 and 2, of <a href=\"https:\/\/diariodarepublica.pt\/dr\/detalhe\/decreto-lei\/75-2008-249866\">Decree-Law No. 75\/2008, of April 22<\/a>, in its current wording<\/li>\n<li>Articles 23, paragraphs 1 and 2, and 24 of the Code of Administrative Procedure, approved by <a href=\"https:\/\/diariodarepublica.pt\/dr\/legislacao-consolidada\/decreto-lei\/2015-105602322\">Decree-Law No. 4\/2015, of January 7<\/a>, in its current wording<\/li>\n<\/ul>\n\t\t\t\t\t<\/div>\n\t\t\t\t<\/div>\n\t\t\t<\/div>\n\t\t\t\t\t\t<div class=\"faq-item\">\n\t\t\t\t<h4 class=\"faq-item-toggle\">\n\t\t\t\t\t<button type=\"button\" class=\"js-faq-toggle\" aria-controls=\"faq-panel-block_214a41881acefff674d94d6257e2bc23-m-1-13\" aria-expanded=\"false\" id=\"faq-btn-block_214a41881acefff674d94d6257e2bc23-m-1-13\">\n\t\t\t\t\t\tWho are the members of the General Council?\t\t\t\t\t<\/button>\n\t\t\t\t<\/h4>\n\t\t\t\t<div class=\"faq-item-content\" id=\"faq-panel-block_214a41881acefff674d94d6257e2bc23-m-1-13\" role=\"region\" aria-labelledby=\"faq-btn-block_214a41881acefff674d94d6257e2bc23-m-1-13\" hidden>\n\t\t\t\t\t<div class=\"c-description\">\n\t\t\t\t\t\t<p>The General Council is composed of representatives from the teaching staff; non-teaching staff; parents and guardians; students; the municipality; and the local community.<\/p>\n<p>Student representatives must be at least 16 years old.<\/p>\n<p>The number of representatives of teaching and non-teaching staff, combined, cannot exceed 50 % of the total number of members of the General Council.<\/p>\n<p>The Director participates in the General Council meetings, but does not have the right to vote.<\/p>\n<p>Legal basis: Article 12, paragraphs 2, 3 and 4, of <a href=\"https:\/\/diariodarepublica.pt\/dr\/detalhe\/decreto-lei\/75-2008-249866\">Decree-Law No. 75\/2008, of April 22<\/a>, in its current wording<\/p>\n\t\t\t\t\t<\/div>\n\t\t\t\t<\/div>\n\t\t\t<\/div>\n\t\t\t\t\t\t\t<\/div>\n\t\t\t<\/div>\n\t\t\t\t\t\t<div class=\"faq-tab-panel\" role=\"tabpanel\" id=\"faq-tabpanel-block_214a41881acefff674d94d6257e2bc23-m-2\" aria-label=\"Director\" hidden>\n\t\t\t\t<div class=\"faq-controls\">\n\t\t\t\t\t<h3 class=\"title\">\n\t\t\t\t\t\tDirector\t\t\t\t\t<\/h3>\n\t\t\t\t\t<button type=\"button\" class=\"js-faq-toggle-all c-button --outlined --black\" data-label-open=\"Abrir todas\" data-label-close=\"Fechar todas\" aria-expanded=\"false\">\n\t\t\t\t\t\tAbrir todas\t\t\t\t\t<\/button>\n\t\t\t\t<\/div>\n\t\t\t\t<div class=\"faq-accordion\">\n\t\t\t\t\t\t\t\t<div class=\"faq-item\">\n\t\t\t\t<h4 class=\"faq-item-toggle\">\n\t\t\t\t\t<button type=\"button\" class=\"js-faq-toggle\" aria-controls=\"faq-panel-block_214a41881acefff674d94d6257e2bc23-m-2-1\" aria-expanded=\"false\" id=\"faq-btn-block_214a41881acefff674d94d6257e2bc23-m-2-1\">\n\t\t\t\t\t\tIs the Director&#039;s election subject to ratification?\t\t\t\t\t<\/button>\n\t\t\t\t<\/h4>\n\t\t\t\t<div class=\"faq-item-content\" id=\"faq-panel-block_214a41881acefff674d94d6257e2bc23-m-2-1\" role=\"region\" aria-labelledby=\"faq-btn-block_214a41881acefff674d94d6257e2bc23-m-2-1\" hidden>\n\t\t\t\t\t<div class=\"c-description\">\n\t\t\t\t\t\t<p>Yes. The result of the recruitment and election procedure for the Director is subject to approval by the competent educational administration body, which is responsible for verifying the legal conformity of the procedure and compliance with applicable requirements.<\/p>\n<p>The assessment focuses on the regularity of the competitive procedure, specifically regarding the opening of the competition, the admission and evaluation of applications, and the decision of the General Council.<\/p>\n<p>The decision must be issued within 10 working days after the communication of the election results to AGSE, IP, by the President of the General Council, and will be considered tacitly approved if no decision is adopted within this period. Any non-approval can only be based on illegality or irregularity in the procedure.<\/p>\n<p>Since this is a service commission, it must be published in the 2nd Series of the Official Gazette, through the administrative services of the AE\/ENA.<\/p>\n<p>Legal basis:<\/p>\n<ul>\n<li>Article 23, paragraph 4, of <a href=\"https:\/\/diariodarepublica.pt\/dr\/detalhe\/decreto-lei\/75-2008-249866\">Decree-Law No. 75\/2008, of April 22<\/a>, in its current wording<\/li>\n<li>Article 26, paragraph 1, of <a href=\"https:\/\/diariodarepublica.pt\/dr\/detalhe\/decreto-lei\/75-2008-249866\">Decree-Law No. 75\/2008, of April 22<\/a>, in its current wording and article 4 of <a href=\"https:\/\/diariodarepublica.pt\/dr\/legislacao-consolidada\/lei\/2014-57466875\">Law No. 35\/2014, of June 20<\/a>, which approved the General Law on Public Service Employment<\/li>\n<\/ul>\n\t\t\t\t\t<\/div>\n\t\t\t\t<\/div>\n\t\t\t<\/div>\n\t\t\t\t\t\t<div class=\"faq-item\">\n\t\t\t\t<h4 class=\"faq-item-toggle\">\n\t\t\t\t\t<button type=\"button\" class=\"js-faq-toggle\" aria-controls=\"faq-panel-block_214a41881acefff674d94d6257e2bc23-m-2-2\" aria-expanded=\"false\" id=\"faq-btn-block_214a41881acefff674d94d6257e2bc23-m-2-2\">\n\t\t\t\t\t\tIs the Director&#039;s reappointment subject to approval?\t\t\t\t\t<\/button>\n\t\t\t\t<\/h4>\n\t\t\t\t<div class=\"faq-item-content\" id=\"faq-panel-block_214a41881acefff674d94d6257e2bc23-m-2-2\" role=\"region\" aria-labelledby=\"faq-btn-block_214a41881acefff674d94d6257e2bc23-m-2-2\" hidden>\n\t\t\t\t\t<div class=\"c-description\">\n\t\t\t\t\t\t<p>No. The reappointment of the Director is a decision made by the General Council, and its ratification is not legally required.<\/p>\n<p>Reappointment is contingent upon an express decision by the General Council, which must be made within 60 days prior to the Director&#039;s term expires.<\/p>\n<p>The validity of the decision depends on compliance with the rules applicable to the functioning of collegiate bodies, particularly regarding quorum, deliberative majorities and the formalization of resolutions, as well as the respective rules of procedure of the body.<\/p>\n<p>Since this concerns the renewal of a service commission, it must be published in the 2nd Series of the Official Gazette, through the administrative services of the AE\/ENA.<\/p>\n<p>Legal basis:<\/p>\n<ul>\n<li>Article 13, paragraph 1, subparagraph b), Article 25, paragraphs 2 and 3, and Article 26, paragraph 1, of <a href=\"https:\/\/diariodarepublica.pt\/dr\/detalhe\/decreto-lei\/75-2008-249866\">Decree-Law No. 75\/2008, of April 22<\/a>, in its current wording<\/li>\n<li>Article 4, paragraph 1, subparagraph c), of <a href=\"https:\/\/diariodarepublica.pt\/dr\/legislacao-consolidada\/lei\/2014-57466875\">Law No. 35\/2014, of June 20<\/a>, which approved the General Law on Public Service Employment<\/li>\n<li>Articles 29(1), 31(1), and 34(1) of the Code of Administrative Procedure, approved by <a href=\"https:\/\/diariodarepublica.pt\/dr\/legislacao-consolidada\/decreto-lei\/2015-105602322\">Decree-Law No. 4\/2015, of January 7<\/a>, in its current wording<\/li>\n<\/ul>\n\t\t\t\t\t<\/div>\n\t\t\t\t<\/div>\n\t\t\t<\/div>\n\t\t\t\t\t\t<div class=\"faq-item\">\n\t\t\t\t<h4 class=\"faq-item-toggle\">\n\t\t\t\t\t<button type=\"button\" class=\"js-faq-toggle\" aria-controls=\"faq-panel-block_214a41881acefff674d94d6257e2bc23-m-2-3\" aria-expanded=\"false\" id=\"faq-btn-block_214a41881acefff674d94d6257e2bc23-m-2-3\">\n\t\t\t\t\t\tHow should the General Council verify the specific qualifications of candidates?\t\t\t\t\t<\/button>\n\t\t\t\t<\/h4>\n\t\t\t\t<div class=\"faq-item-content\" id=\"faq-panel-block_214a41881acefff674d94d6257e2bc23-m-2-3\" role=\"region\" aria-labelledby=\"faq-btn-block_214a41881acefff674d94d6257e2bc23-m-2-3\" hidden>\n\t\t\t\t\t<div class=\"c-description\">\n\t\t\t\t\t\t<p>The qualification for the exercise of school administration and management functions referred to in points b) and c) of paragraph 1 of article 56 of <a href=\"https:\/\/diariodarepublica.pt\/dr\/legislacao-consolidada\/decreto-lei\/2012-117105579\">Teaching Career Statute<\/a> It must correspond to specialized training in the area of school administration.<\/p>\n<p>This training should:<\/p>\n<ul>\n<li>to be taught by a higher education institution;<\/li>\n<li>to have a duration of no less than 250 hours;<\/li>\n<li>to be accredited by the Scientific-Pedagogical Council for Continuing Education (CCPFC).<\/li>\n<\/ul>\n<p>Therefore, the certificates submitted by candidates as proof of specific training for the position of director must include the respective accreditation registration as specialized training by the CCPFC.<\/p>\n<p>In the context of evaluating applications, it is the responsibility of the General Council to verify compliance with these requirements.<\/p>\n<p>Common situations in the evaluation of applications<\/p>\n<table>\n<tbody>\n<tr>\n<td><strong>Candidate profile<\/strong><\/td>\n<td><strong>Procedures to be followed<\/strong><\/td>\n<\/tr>\n<tr>\n<td>Teachers with 5 or more years of service are applying for the position, some with specific training and others without.<\/td>\n<td>Only teachers with specific training should be admitted to the competition;<\/p>\n<p>&nbsp;<\/p>\n<p>Candidates without specific training should not be admitted to the competition.<\/td>\n<\/tr>\n<tr>\n<td>Only tenured teachers with 5 or more years of service and no specific training are eligible to apply.<\/td>\n<td>These candidates may be admitted to the competition.<\/td>\n<\/tr>\n<tr>\n<td>Career teachers and teachers with fixed-term contracts, with 5 or more years of service and specific training, are eligible to apply.<\/td>\n<td>Only tenured teachers with specific training should be admitted to the competition;<\/p>\n<p>&nbsp;<\/p>\n<p>Teachers with fixed-term contracts, with 5 or more years of service, and holding specific training, should be excluded, since they do not meet the legal requirements for admission to the competition (they are not tenured teachers).<\/td>\n<\/tr>\n<\/tbody>\n<\/table>\n<p><strong>Legal basis<\/strong><\/p>\n<ul>\n<li>Article 21, paragraph 3 of <a href=\"https:\/\/diariodarepublica.pt\/dr\/detalhe\/decreto-lei\/75-2008-249866\">Decree-Law No. 75\/2008, of April 22<\/a>, in its current wording<\/li>\n<li>Article 56 of <a href=\"https:\/\/diariodarepublica.pt\/dr\/detalhe\/decreto-lei\/139-a-1990-411815\">Decree-Law No. 139-A\/90, of April 28<\/a>, which approved the Statute of the Career of Early Childhood Educators and Teachers of Basic and Secondary Education, in its current wording.<\/li>\n<li>articles 4.\u00ba al. b), 6.\u00ba n.\u00ba1 and 8.\u00ba n.\u00ba2 of <a href=\"https:\/\/diariodarepublica.pt\/dr\/detalhe\/decreto-lei\/95-1997-476920\">Decree-Law No. 95\/97, of April 23<\/a>, in its current wording<\/li>\n<\/ul>\n\t\t\t\t\t<\/div>\n\t\t\t\t<\/div>\n\t\t\t<\/div>\n\t\t\t\t\t\t<div class=\"faq-item\">\n\t\t\t\t<h4 class=\"faq-item-toggle\">\n\t\t\t\t\t<button type=\"button\" class=\"js-faq-toggle\" aria-controls=\"faq-panel-block_214a41881acefff674d94d6257e2bc23-m-2-4\" aria-expanded=\"false\" id=\"faq-btn-block_214a41881acefff674d94d6257e2bc23-m-2-4\">\n\t\t\t\t\t\tIs specific qualification required for the reappointment of the director?\t\t\t\t\t<\/button>\n\t\t\t\t<\/h4>\n\t\t\t\t<div class=\"faq-item-content\" id=\"faq-panel-block_214a41881acefff674d94d6257e2bc23-m-2-4\" role=\"region\" aria-labelledby=\"faq-btn-block_214a41881acefff674d94d6257e2bc23-m-2-4\" hidden>\n\t\t\t\t\t<div class=\"c-description\">\n\t\t\t\t\t\t<p>No. For the purposes of reappointment, the incumbent director cannot be required to have qualifications for the position that are higher than those he or she possessed at the time of their election.<\/p>\n<p>The General Council&#039;s decision to reappoint the director does not depend on the verification of any additional or subsequent specific qualifications, provided that the director met the legally required criteria at the time of election.<\/p>\n<p>Reappointment constitutes a renewal of the current mandate and does not correspond to a new competitive procedure or a new full verification of the application requirements.<\/p>\n<p>Legal basis: Article 21, paragraph 4, subparagraphs b), c) and d) of <a href=\"https:\/\/diariodarepublica.pt\/dr\/detalhe\/decreto-lei\/75-2008-249866\">Decree-Law No. 75\/2008, of April 22<\/a>, in its current wording<\/p>\n\t\t\t\t\t<\/div>\n\t\t\t\t<\/div>\n\t\t\t<\/div>\n\t\t\t\t\t\t<div class=\"faq-item\">\n\t\t\t\t<h4 class=\"faq-item-toggle\">\n\t\t\t\t\t<button type=\"button\" class=\"js-faq-toggle\" aria-controls=\"faq-panel-block_214a41881acefff674d94d6257e2bc23-m-2-5\" aria-expanded=\"false\" id=\"faq-btn-block_214a41881acefff674d94d6257e2bc23-m-2-5\">\n\t\t\t\t\t\tUnder what circumstances can a director be reappointed?\t\t\t\t\t<\/button>\n\t\t\t\t<\/h4>\n\t\t\t\t<div class=\"faq-item-content\" id=\"faq-panel-block_214a41881acefff674d94d6257e2bc23-m-2-5\" role=\"region\" aria-labelledby=\"faq-btn-block_214a41881acefff674d94d6257e2bc23-m-2-5\" hidden>\n\t\t\t\t\t<div class=\"c-description\">\n\t\t\t\t\t\t<p>The director may be reappointed for a new term provided that the previous term resulted from a duly completed competitive selection process.<\/p>\n<p>The director cannot serve more than four consecutive terms. After this limit, they can only return to office through a new competitive selection process and after an interval corresponding to at least one full term.<\/p>\n<p>Legal basis: Article 25, paragraphs 3 and 4, of <a href=\"https:\/\/diariodarepublica.pt\/dr\/detalhe\/decreto-lei\/75-2008-249866\">Decree-Law No. 75\/2008, of April 22<\/a>, in its current wording<\/p>\n\t\t\t\t\t<\/div>\n\t\t\t\t<\/div>\n\t\t\t<\/div>\n\t\t\t\t\t\t<div class=\"faq-item\">\n\t\t\t\t<h4 class=\"faq-item-toggle\">\n\t\t\t\t\t<button type=\"button\" class=\"js-faq-toggle\" aria-controls=\"faq-panel-block_214a41881acefff674d94d6257e2bc23-m-2-6\" aria-expanded=\"false\" id=\"faq-btn-block_214a41881acefff674d94d6257e2bc23-m-2-6\">\n\t\t\t\t\t\tWhat is the Director?\t\t\t\t\t<\/button>\n\t\t\t\t<\/h4>\n\t\t\t\t<div class=\"faq-item-content\" id=\"faq-panel-block_214a41881acefff674d94d6257e2bc23-m-2-6\" role=\"region\" aria-labelledby=\"faq-btn-block_214a41881acefff674d94d6257e2bc23-m-2-6\" hidden>\n\t\t\t\t\t<div class=\"c-description\">\n\t\t\t\t\t\t<p>The Director is the administrative and management body of the school cluster or non-clustered school in the pedagogical, cultural, administrative, financial and patrimonial areas.<\/p>\n<p>In carrying out their duties, the Director is assisted by a Deputy Director and one to three Assistants.<\/p>\n<p>Legal basis: articles 18 and 19 of <a href=\"https:\/\/diariodarepublica.pt\/dr\/detalhe\/decreto-lei\/75-2008-249866\">Decree-Law No. 75\/2008, of April 22<\/a>, in its current wording<\/p>\n\t\t\t\t\t<\/div>\n\t\t\t\t<\/div>\n\t\t\t<\/div>\n\t\t\t\t\t\t<div class=\"faq-item\">\n\t\t\t\t<h4 class=\"faq-item-toggle\">\n\t\t\t\t\t<button type=\"button\" class=\"js-faq-toggle\" aria-controls=\"faq-panel-block_214a41881acefff674d94d6257e2bc23-m-2-7\" aria-expanded=\"false\" id=\"faq-btn-block_214a41881acefff674d94d6257e2bc23-m-2-7\">\n\t\t\t\t\t\tWhat happens if no candidate obtains the necessary majority in the first round of voting?\t\t\t\t\t<\/button>\n\t\t\t\t<\/h4>\n\t\t\t\t<div class=\"faq-item-content\" id=\"faq-panel-block_214a41881acefff674d94d6257e2bc23-m-2-7\" role=\"region\" aria-labelledby=\"faq-btn-block_214a41881acefff674d94d6257e2bc23-m-2-7\" hidden>\n\t\t\t\t\t<div class=\"c-description\">\n\t\t\t\t\t\t<p>If no candidate obtains an absolute majority of the votes of the members of the General Council in office in the first vote, a new meeting of the General Council must be held for a new ballot.<\/p>\n<p>This meeting must be convened within a maximum of five working days.<\/p>\n<p>Legal basis: Article 23, paragraphs 1 and 2, of <a href=\"https:\/\/diariodarepublica.pt\/dr\/detalhe\/decreto-lei\/75-2008-249866\">Decree-Law No. 75\/2008, of April 22<\/a>, in its current wording<\/p>\n\t\t\t\t\t<\/div>\n\t\t\t\t<\/div>\n\t\t\t<\/div>\n\t\t\t\t\t\t<div class=\"faq-item\">\n\t\t\t\t<h4 class=\"faq-item-toggle\">\n\t\t\t\t\t<button type=\"button\" class=\"js-faq-toggle\" aria-controls=\"faq-panel-block_214a41881acefff674d94d6257e2bc23-m-2-8\" aria-expanded=\"false\" id=\"faq-btn-block_214a41881acefff674d94d6257e2bc23-m-2-8\">\n\t\t\t\t\t\tCan candidates without specific training be admitted to the competitive selection process?\t\t\t\t\t<\/button>\n\t\t\t\t<\/h4>\n\t\t\t\t<div class=\"faq-item-content\" id=\"faq-panel-block_214a41881acefff674d94d6257e2bc23-m-2-8\" role=\"region\" aria-labelledby=\"faq-btn-block_214a41881acefff674d94d6257e2bc23-m-2-8\" hidden>\n\t\t\t\t\t<div class=\"c-description\">\n\t\t\t\t\t\t<p>Yes. Candidates who do not hold specialized training in school administration and management may be admitted to the competitive procedure, provided that the legally established conditions are met.<\/p>\n<p>These candidates may only be considered if there are no candidates with specific qualifications, or if they do not meet the legal requirements for admission to the competition, provided that:<\/p>\n<ul>\n<li>They must have experience corresponding to at least one full term in the positions of director, deputy director or assistant director, president or vice-president of the executive board, executive director or assistant executive director, or member of the board of directors and\/or executive board;<\/li>\n<li>They must have at least 3 years of experience as a director or pedagogical director of a private or cooperative educational institution;<\/li>\n<li>They must have a relevant curriculum in the area of school management and administration, as determined by a secret ballot, by a majority of the members of the commission foreseen in paragraph 4 of article 22.<\/li>\n<\/ul>\n<p>It is the responsibility of the General Council to verify compliance with these conditions when assessing applications.<\/p>\n<p>Legal basis: Article 21, paragraph 4, subparagraphs b), c) and d) and paragraph 5, of <a href=\"https:\/\/diariodarepublica.pt\/dr\/detalhe\/decreto-lei\/75-2008-249866\">Decree-Law No. 75\/2008, of April 22<\/a>, in its current wording<\/p>\n\t\t\t\t\t<\/div>\n\t\t\t\t<\/div>\n\t\t\t<\/div>\n\t\t\t\t\t\t<div class=\"faq-item\">\n\t\t\t\t<h4 class=\"faq-item-toggle\">\n\t\t\t\t\t<button type=\"button\" class=\"js-faq-toggle\" aria-controls=\"faq-panel-block_214a41881acefff674d94d6257e2bc23-m-2-9\" aria-expanded=\"false\" id=\"faq-btn-block_214a41881acefff674d94d6257e2bc23-m-2-9\">\n\t\t\t\t\t\tWhat are the requirements for candidates applying for the competitive selection process for director of a school cluster\/non-clustered school?\t\t\t\t\t<\/button>\n\t\t\t\t<\/h4>\n\t\t\t\t<div class=\"faq-item-content\" id=\"faq-panel-block_214a41881acefff674d94d6257e2bc23-m-2-9\" role=\"region\" aria-labelledby=\"faq-btn-block_214a41881acefff674d94d6257e2bc23-m-2-9\" hidden>\n\t\t\t\t\t<div class=\"c-description\">\n\t\t\t\t\t\t<p>Candidates who cumulatively meet the legally established requirements, to be verified by the General Council, may apply for the competitive selection process for the position of director. Specifically, the following may be candidates (applicants):<\/p>\n<ul>\n<li>Career teachers in the public education system; or professionally qualified teachers with permanent contracts in private and cooperative education systems.<\/li>\n<li>to have at least five years of teaching experience;<\/li>\n<li>to possess specific qualifications for the exercise of school administration and management functions.<\/li>\n<\/ul>\n<p>It is the responsibility of the General Council to verify compliance with the admission requirements during the evaluation of applications.<\/p>\n<p>Legal basis<\/p>\n<ul>\n<li>Article 21, paragraph 3 of <a href=\"https:\/\/diariodarepublica.pt\/dr\/detalhe\/decreto-lei\/75-2008-249866\">Decree-Law No. 75\/2008, of April 22<\/a>, in its current wording<\/li>\n<li>Article 56 of <a href=\"https:\/\/diariodarepublica.pt\/dr\/detalhe\/decreto-lei\/139-a-1990-411815\">Decree-Law No. 139-A\/90, of April 28<\/a>, which approved the Statute of the Career of Early Childhood Educators and Teachers of Basic and Secondary Education, in its current wording.<\/li>\n<li>articles 4, 6 and 8 of <a href=\"https:\/\/diariodarepublica.pt\/dr\/detalhe\/decreto-lei\/95-1997-476920\">Decree-Law No. 95\/97, of April 23<\/a>, in its current wording<\/li>\n<\/ul>\n\t\t\t\t\t<\/div>\n\t\t\t\t<\/div>\n\t\t\t<\/div>\n\t\t\t\t\t\t<div class=\"faq-item\">\n\t\t\t\t<h4 class=\"faq-item-toggle\">\n\t\t\t\t\t<button type=\"button\" class=\"js-faq-toggle\" aria-controls=\"faq-panel-block_214a41881acefff674d94d6257e2bc23-m-2-10\" aria-expanded=\"false\" id=\"faq-btn-block_214a41881acefff674d94d6257e2bc23-m-2-10\">\n\t\t\t\t\t\tWhat majority is required in the second round of voting for the election of the director?\t\t\t\t\t<\/button>\n\t\t\t\t<\/h4>\n\t\t\t\t<div class=\"faq-item-content\" id=\"faq-panel-block_214a41881acefff674d94d6257e2bc23-m-2-10\" role=\"region\" aria-labelledby=\"faq-btn-block_214a41881acefff674d94d6257e2bc23-m-2-10\" hidden>\n\t\t\t\t\t<div class=\"c-description\">\n\t\t\t\t\t\t<p>In the new ballot, only one candidate is admitted, or, if there is more than one candidate, only the two candidates who received the most votes in the first round.<\/p>\n<p>In the second ballot, the candidate who obtains the highest number of favorable votes is considered elected, provided that this number is not less than one-third of the members of the General Council in office.<\/p>\n<p>Example: in a General Council with 21 members in active service, a candidate can only be considered elected if they obtain at least seven favorable votes.<\/p>\n<p>Legal basis: Article 23, paragraph 2 of <a href=\"https:\/\/diariodarepublica.pt\/dr\/detalhe\/decreto-lei\/75-2008-249866\">Decree-Law No. 75\/2008, of April 22<\/a>, of July 2nd, in its current wording<\/p>\n\t\t\t\t\t<\/div>\n\t\t\t\t<\/div>\n\t\t\t<\/div>\n\t\t\t\t\t\t<div class=\"faq-item\">\n\t\t\t\t<h4 class=\"faq-item-toggle\">\n\t\t\t\t\t<button type=\"button\" class=\"js-faq-toggle\" aria-controls=\"faq-panel-block_214a41881acefff674d94d6257e2bc23-m-2-11\" aria-expanded=\"false\" id=\"faq-btn-block_214a41881acefff674d94d6257e2bc23-m-2-11\">\n\t\t\t\t\t\tHow many votes are needed to elect the director?\t\t\t\t\t<\/button>\n\t\t\t\t<\/h4>\n\t\t\t\t<div class=\"faq-item-content\" id=\"faq-panel-block_214a41881acefff674d94d6257e2bc23-m-2-11\" role=\"region\" aria-labelledby=\"faq-btn-block_214a41881acefff674d94d6257e2bc23-m-2-11\" hidden>\n\t\t\t\t\t<div class=\"c-description\">\n\t\t\t\t\t\t<p>The candidate who obtains an absolute majority of the votes from the members of the General Council present at the meeting is considered elected as director.<\/p>\n<p>For example, if the General Council consists of 21 members and only 15 councilors were present at the meeting, the candidate who obtains at least eight votes is considered elected.<\/p>\n<p>It is the responsibility of the General Council to ensure compliance with the voting rules within the framework of the director election procedure.<\/p>\n<p>Legal basis: Article 23, paragraph 1, of <a href=\"https:\/\/diariodarepublica.pt\/dr\/detalhe\/decreto-lei\/75-2008-249866\">Decree-Law No. 75\/2008, of April 22<\/a>, in its current wording<\/p>\n\t\t\t\t\t<\/div>\n\t\t\t\t<\/div>\n\t\t\t<\/div>\n\t\t\t\t\t\t<div class=\"faq-item\">\n\t\t\t\t<h4 class=\"faq-item-toggle\">\n\t\t\t\t\t<button type=\"button\" class=\"js-faq-toggle\" aria-controls=\"faq-panel-block_214a41881acefff674d94d6257e2bc23-m-2-12\" aria-expanded=\"false\" id=\"faq-btn-block_214a41881acefff674d94d6257e2bc23-m-2-12\">\n\t\t\t\t\t\tWhen can the General Council decide on the reappointment of the Director?\t\t\t\t\t<\/button>\n\t\t\t\t<\/h4>\n\t\t\t\t<div class=\"faq-item-content\" id=\"faq-panel-block_214a41881acefff674d94d6257e2bc23-m-2-12\" role=\"region\" aria-labelledby=\"faq-btn-block_214a41881acefff674d94d6257e2bc23-m-2-12\" hidden>\n\t\t\t\t\t<div class=\"c-description\">\n\t\t\t\t\t\t<p>The General Council must decide, up to 60 days before the end of the Director&#039;s term, on their reappointment or on opening a competitive procedure with a view to holding a new election.<\/p>\n<p>Reappointment depends on an express decision by the General Council, approved by an absolute majority of the General Council members in office, regardless of the number of members present at the meeting (provided the legally required quorum is met).<\/p>\n<p>For example, in a General Council consisting of 21 members, the decision to reappoint requires 11 favorable votes.<\/p>\n<p>There is no second round of voting for the reappointment decision.<\/p>\n<p>Legal basis: Article 25, paragraphs 2 and 3 of <a href=\"https:\/\/diariodarepublica.pt\/dr\/detalhe\/decreto-lei\/75-2008-249866\">Decree-Law No. 75\/2008, of April 22<\/a>, in its current wording<\/p>\n\t\t\t\t\t<\/div>\n\t\t\t\t<\/div>\n\t\t\t<\/div>\n\t\t\t\t\t\t<div class=\"faq-item\">\n\t\t\t\t<h4 class=\"faq-item-toggle\">\n\t\t\t\t\t<button type=\"button\" class=\"js-faq-toggle\" aria-controls=\"faq-panel-block_214a41881acefff674d94d6257e2bc23-m-2-13\" aria-expanded=\"false\" id=\"faq-btn-block_214a41881acefff674d94d6257e2bc23-m-2-13\">\n\t\t\t\t\t\tWhat date should be considered for the purpose of calculating the term of office of the Director?\t\t\t\t\t<\/button>\n\t\t\t\t<\/h4>\n\t\t\t\t<div class=\"faq-item-content\" id=\"faq-panel-block_214a41881acefff674d94d6257e2bc23-m-2-13\" role=\"region\" aria-labelledby=\"faq-btn-block_214a41881acefff674d94d6257e2bc23-m-2-13\" hidden>\n\t\t\t\t\t<div class=\"c-description\">\n\t\t\t\t\t\t<p>The relevant date for calculating the term of office of the Director is the date of their taking office. The term of office is four years, starting from that date.<\/p>\n<p>Legal basis: Article 25, paragraph 1, of <a href=\"https:\/\/diariodarepublica.pt\/dr\/detalhe\/decreto-lei\/75-2008-249866\">Decree-Law No. 75\/2008, of April 22<\/a>, of July 2nd, in its current wording<\/p>\n\t\t\t\t\t<\/div>\n\t\t\t\t<\/div>\n\t\t\t<\/div>\n\t\t\t\t\t\t<div class=\"faq-item\">\n\t\t\t\t<h4 class=\"faq-item-toggle\">\n\t\t\t\t\t<button type=\"button\" class=\"js-faq-toggle\" aria-controls=\"faq-panel-block_214a41881acefff674d94d6257e2bc23-m-2-14\" aria-expanded=\"false\" id=\"faq-btn-block_214a41881acefff674d94d6257e2bc23-m-2-14\">\n\t\t\t\t\t\tWhat procedures should be followed if the competitive selection process is unsuccessful or if no candidate is elected?\t\t\t\t\t<\/button>\n\t\t\t\t<\/h4>\n\t\t\t\t<div class=\"faq-item-content\" id=\"faq-panel-block_214a41881acefff674d94d6257e2bc23-m-2-14\" role=\"region\" aria-labelledby=\"faq-btn-block_214a41881acefff674d94d6257e2bc23-m-2-14\" hidden>\n\t\t\t\t\t<div class=\"c-description\">\n\t\t\t\t\t\t<p>If no candidate obtains the number of votes required to be elected after the voting procedures outlined in the selection process, a new selection process must be opened to elect the director.<\/p>\n<p>When a competitive selection process is unsuccessful or it is not possible to conclude the election process, the situation may lead to the appointment, by the head of the competent services of the Ministry of Education, Science and Innovation, of a Provisional Administrative Commission, which ensures the administration and management of the school cluster or non-clustered school until the conclusion of a new competitive selection process.<\/p>\n<p>It is the responsibility of the General Council to initiate a new competitive selection process for the election of the director.<\/p>\n<p>Legal basis: Article 23, paragraphs 1, 2 and 3, and Article 66, paragraph 1, of <a href=\"https:\/\/diariodarepublica.pt\/dr\/detalhe\/decreto-lei\/75-2008-249866\">Decree-Law No. 75\/2008, of April 22<\/a>, in its current wording<\/p>\n\t\t\t\t\t<\/div>\n\t\t\t\t<\/div>\n\t\t\t<\/div>\n\t\t\t\t\t\t<div class=\"faq-item\">\n\t\t\t\t<h4 class=\"faq-item-toggle\">\n\t\t\t\t\t<button type=\"button\" class=\"js-faq-toggle\" aria-controls=\"faq-panel-block_214a41881acefff674d94d6257e2bc23-m-2-15\" aria-expanded=\"false\" id=\"faq-btn-block_214a41881acefff674d94d6257e2bc23-m-2-15\">\n\t\t\t\t\t\tWho confers office on the Director?\t\t\t\t\t<\/button>\n\t\t\t\t<\/h4>\n\t\t\t\t<div class=\"faq-item-content\" id=\"faq-panel-block_214a41881acefff674d94d6257e2bc23-m-2-15\" role=\"region\" aria-labelledby=\"faq-btn-block_214a41881acefff674d94d6257e2bc23-m-2-15\" hidden>\n\t\t\t\t\t<div class=\"c-description\">\n\t\t\t\t\t\t<p>The Director&#039;s inauguration is the formal act that marks the beginning of their term of office.<\/p>\n<p>The Director takes office before the General Council.<\/p>\n<p>The General Council is responsible for holding the inauguration ceremony and its formalization, within the scope of its operational and organizational powers.<\/p>\n<p>Legal basis: Article 24, paragraph 1, of <a href=\"https:\/\/diariodarepublica.pt\/dr\/detalhe\/decreto-lei\/75-2008-249866\">Decree-Law No. 75\/2008, of April 22<\/a>, in its current wording<\/p>\n\t\t\t\t\t<\/div>\n\t\t\t\t<\/div>\n\t\t\t<\/div>\n\t\t\t\t\t\t<div class=\"faq-item\">\n\t\t\t\t<h4 class=\"faq-item-toggle\">\n\t\t\t\t\t<button type=\"button\" class=\"js-faq-toggle\" aria-controls=\"faq-panel-block_214a41881acefff674d94d6257e2bc23-m-2-16\" aria-expanded=\"false\" id=\"faq-btn-block_214a41881acefff674d94d6257e2bc23-m-2-16\">\n\t\t\t\t\t\tWho is responsible for evaluating the Director&#039;s performance?\t\t\t\t\t<\/button>\n\t\t\t\t<\/h4>\n\t\t\t\t<div class=\"faq-item-content\" id=\"faq-panel-block_214a41881acefff674d94d6257e2bc23-m-2-16\" role=\"region\" aria-labelledby=\"faq-btn-block_214a41881acefff674d94d6257e2bc23-m-2-16\" hidden>\n\t\t\t\t\t<div class=\"c-description\">\n\t\t\t\t\t\t<p>The Director&#039;s performance evaluation is conducted through a process that integrates an internal component and an external component.<\/p>\n<p>The internal component is the responsibility of the General Council.<\/p>\n<p>The external component is based on the results of the external evaluation of the organizational unit carried out by the General Inspectorate of Education and Science (IGEC).<\/p>\n<p>The purpose of the evaluation is to assess the Director&#039;s performance in carrying out their administrative and management duties.<\/p>\n<p>Legal basis:<\/p>\n<ul>\n<li>articles article 3 and article 4 of <a href=\"https:\/\/diariodarepublica.pt\/dr\/detalhe\/portaria\/266-2012-174816\">Decree No. 266\/2012, of August 30<\/a>, in its current wording<\/li>\n<li>Article 2, <a href=\"https:\/\/diariodarepublica.pt\/dr\/detalhe\/decreto-regulamentar\/15-2012-543879\">Regulatory Decree No. 15\/2012, of January 27<\/a>.<\/li>\n<\/ul>\n\t\t\t\t\t<\/div>\n\t\t\t\t<\/div>\n\t\t\t<\/div>\n\t\t\t\t\t\t<div class=\"faq-item\">\n\t\t\t\t<h4 class=\"faq-item-toggle\">\n\t\t\t\t\t<button type=\"button\" class=\"js-faq-toggle\" aria-controls=\"faq-panel-block_214a41881acefff674d94d6257e2bc23-m-2-17\" aria-expanded=\"false\" id=\"faq-btn-block_214a41881acefff674d94d6257e2bc23-m-2-17\">\n\t\t\t\t\t\tWho substitutes for the Director during their absences or incapacity?\t\t\t\t\t<\/button>\n\t\t\t\t<\/h4>\n\t\t\t\t<div class=\"faq-item-content\" id=\"faq-panel-block_214a41881acefff674d94d6257e2bc23-m-2-17\" role=\"region\" aria-labelledby=\"faq-btn-block_214a41881acefff674d94d6257e2bc23-m-2-17\" hidden>\n\t\t\t\t\t<div class=\"c-description\">\n\t\t\t\t\t\t<p>In situations where the Director is absent or unable to serve, the Deputy Director will fill the role.<\/p>\n<p>This replacement ensures the continuity of the administration and management of the school cluster or non-clustered school.<\/p>\n<p>Legal basis: Article 20, paragraph 8, of <a href=\"https:\/\/diariodarepublica.pt\/dr\/detalhe\/decreto-lei\/75-2008-249866\">Decree-Law No. 75\/2008, of April 22<\/a>, in its current wording<\/p>\n\t\t\t\t\t<\/div>\n\t\t\t\t<\/div>\n\t\t\t<\/div>\n\t\t\t\t\t\t\t<\/div>\n\t\t\t<\/div>\n\t\t\t\t\t\t<div class=\"faq-tab-panel\" role=\"tabpanel\" id=\"faq-tabpanel-block_214a41881acefff674d94d6257e2bc23-m-3\" aria-label=\"Provisional Administrative Commission (CAP)\" hidden>\n\t\t\t\t<div class=\"faq-controls\">\n\t\t\t\t\t<h3 class=\"title\">\n\t\t\t\t\t\tProvisional Administrative Commission (CAP)\t\t\t\t\t<\/h3>\n\t\t\t\t\t<button type=\"button\" class=\"js-faq-toggle-all c-button --outlined --black\" data-label-open=\"Abrir todas\" data-label-close=\"Fechar todas\" aria-expanded=\"false\">\n\t\t\t\t\t\tAbrir todas\t\t\t\t\t<\/button>\n\t\t\t\t<\/div>\n\t\t\t\t<div class=\"faq-accordion\">\n\t\t\t\t\t\t\t\t<div class=\"faq-item\">\n\t\t\t\t<h4 class=\"faq-item-toggle\">\n\t\t\t\t\t<button type=\"button\" class=\"js-faq-toggle\" aria-controls=\"faq-panel-block_214a41881acefff674d94d6257e2bc23-m-3-1\" aria-expanded=\"false\" id=\"faq-btn-block_214a41881acefff674d94d6257e2bc23-m-3-1\">\n\t\t\t\t\t\tWhen is a Provisional Administrative Committee (CAP) appointed?\t\t\t\t\t<\/button>\n\t\t\t\t<\/h4>\n\t\t\t\t<div class=\"faq-item-content\" id=\"faq-panel-block_214a41881acefff674d94d6257e2bc23-m-3-1\" role=\"region\" aria-labelledby=\"faq-btn-block_214a41881acefff674d94d6257e2bc23-m-3-1\" hidden>\n\t\t\t\t\t<div class=\"c-description\">\n\t\t\t\t\t\t<p>The Provisional Administrative Commission (CAP) is an exceptional mechanism designed to ensure the continuity of the administration and management of the organizational unit when it is not possible to establish or operate the governing, administrative and management bodies regularly.<\/p>\n<p>A CAP (Commission for the Evaluation of Public Administration) may be appointed in situations where the Director is absent or has ceased to be in office, and replacement is not possible under the legally established terms.<\/p>\n<p>Legal basis: Article 66 of <a href=\"https:\/\/diariodarepublica.pt\/dr\/detalhe\/decreto-lei\/75-2008-249866\">Decree-Law No. 75\/2008, of April 22<\/a>, in its current wording<\/p>\n\t\t\t\t\t<\/div>\n\t\t\t\t<\/div>\n\t\t\t<\/div>\n\t\t\t\t\t\t\t<\/div>\n\t\t\t<\/div>\n\t\t\t\t\t\t\t\t<\/div>\n\t\t\t\t<\/div>\n\t\t\t\t<div class=\"in-desktop\">\n\t\t\t\t\t\t\t\t\t\t\t<nav class=\"faq-tabs-navigation\" aria-label=\"T\u00f3picos\">\n\t\t\t\t\t\t\t<ul role=\"tablist\">\n\t\t\t\t\t\t\t\t\t\t\t\t\t\t\t\t\t<li class=\"faq-tab-li--is-active\" role=\"presentation\">\n\t\t\t\t\t\t\t\t\t\t<button\n\t\t\t\t\t\t\t\t\t\t\ttype=\"button\"\n\t\t\t\t\t\t\t\t\t\t\trole=\"tab\"\n\t\t\t\t\t\t\t\t\t\t\tid=\"faq-tab-block_214a41881acefff674d94d6257e2bc23-d-1\"\n\t\t\t\t\t\t\t\t\t\t\taria-controls=\"faq-tabpanel-block_214a41881acefff674d94d6257e2bc23-d-1\"\n\t\t\t\t\t\t\t\t\t\t\taria-selected=\"true\"\n\t\t\t\t\t\t\t\t\t\t\ttabindex=\"0\"\n\t\t\t\t\t\t\t\t\t\t>\n\t\t\t\t\t\t\t\t\t\t\tGeneral Council\t\t\t\t\t\t\t\t\t\t<\/button>\n\t\t\t\t\t\t\t\t\t<\/li>\n\t\t\t\t\t\t\t\t\t\t\t\t\t\t\t\t\t\t<li role=\"presentation\">\n\t\t\t\t\t\t\t\t\t\t<button\n\t\t\t\t\t\t\t\t\t\t\ttype=\"button\"\n\t\t\t\t\t\t\t\t\t\t\trole=\"tab\"\n\t\t\t\t\t\t\t\t\t\t\tid=\"faq-tab-block_214a41881acefff674d94d6257e2bc23-d-2\"\n\t\t\t\t\t\t\t\t\t\t\taria-controls=\"faq-tabpanel-block_214a41881acefff674d94d6257e2bc23-d-2\"\n\t\t\t\t\t\t\t\t\t\t\taria-selected=\"false\"\n\t\t\t\t\t\t\t\t\t\t\ttabindex=\"-1\"\n\t\t\t\t\t\t\t\t\t\t>\n\t\t\t\t\t\t\t\t\t\t\tDirector\t\t\t\t\t\t\t\t\t\t<\/button>\n\t\t\t\t\t\t\t\t\t<\/li>\n\t\t\t\t\t\t\t\t\t\t\t\t\t\t\t\t\t\t<li role=\"presentation\">\n\t\t\t\t\t\t\t\t\t\t<button\n\t\t\t\t\t\t\t\t\t\t\ttype=\"button\"\n\t\t\t\t\t\t\t\t\t\t\trole=\"tab\"\n\t\t\t\t\t\t\t\t\t\t\tid=\"faq-tab-block_214a41881acefff674d94d6257e2bc23-d-3\"\n\t\t\t\t\t\t\t\t\t\t\taria-controls=\"faq-tabpanel-block_214a41881acefff674d94d6257e2bc23-d-3\"\n\t\t\t\t\t\t\t\t\t\t\taria-selected=\"false\"\n\t\t\t\t\t\t\t\t\t\t\ttabindex=\"-1\"\n\t\t\t\t\t\t\t\t\t\t>\n\t\t\t\t\t\t\t\t\t\t\tProvisional Administrative Commission (CAP)\t\t\t\t\t\t\t\t\t\t<\/button>\n\t\t\t\t\t\t\t\t\t<\/li>\n\t\t\t\t\t\t\t\t\t\t\t\t\t\t\t\t<\/ul>\n\t\t\t\t\t\t<\/nav>\n\t\t\t\t\t\t\t\t\t\t<div class=\"faq-tabs-content faq-tabs-content--desktop\" id=\"faq-tabs-desktop-block_214a41881acefff674d94d6257e2bc23\">\n\t\t\t\t\t\t\t\t\t<div class=\"faq-tab-panel faq-tab-panel--is-active\" role=\"tabpanel\" id=\"faq-tabpanel-block_214a41881acefff674d94d6257e2bc23-d-1\" aria-labelledby=\"faq-tab-block_214a41881acefff674d94d6257e2bc23-d-1\">\n\t\t\t\t<div class=\"faq-controls\">\n\t\t\t\t\t<h3 class=\"title\">\n\t\t\t\t\t\tGeneral Council\t\t\t\t\t<\/h3>\n\t\t\t\t\t<button type=\"button\" class=\"js-faq-toggle-all c-button --outlined --black\" data-label-open=\"Abrir todas\" data-label-close=\"Fechar todas\" aria-expanded=\"false\">\n\t\t\t\t\t\tAbrir todas\t\t\t\t\t<\/button>\n\t\t\t\t<\/div>\n\t\t\t\t<div class=\"faq-accordion\">\n\t\t\t\t\t\t\t\t<div class=\"faq-item\">\n\t\t\t\t<h4 class=\"faq-item-toggle\">\n\t\t\t\t\t<button type=\"button\" class=\"js-faq-toggle\" aria-controls=\"faq-panel-block_214a41881acefff674d94d6257e2bc23-d-1-1\" aria-expanded=\"false\" id=\"faq-btn-block_214a41881acefff674d94d6257e2bc23-d-1-1\">\n\t\t\t\t\t\tDo the resolutions take effect before the minutes are approved?\t\t\t\t\t<\/button>\n\t\t\t\t<\/h4>\n\t\t\t\t<div class=\"faq-item-content\" id=\"faq-panel-block_214a41881acefff674d94d6257e2bc23-d-1-1\" role=\"region\" aria-labelledby=\"faq-btn-block_214a41881acefff674d94d6257e2bc23-d-1-1\" hidden>\n\t\t\t\t\t<div class=\"c-description\">\n\t\t\t\t\t\t<p>Yes. The decisions of collegiate bodies can take effect before the minutes are approved, provided they have been approved in draft form and signed at the meeting itself.<\/p>\n<p>In the absence of approval in writing, the resolutions only become effective after the respective minutes have been approved.<\/p>\n<p>Legal basis: Article 34, paragraph 6, of the Code of Administrative Procedure, approved by <a href=\"https:\/\/diariodarepublica.pt\/dr\/legislacao-consolidada\/decreto-lei\/2015-105602322\">Decree-Law No. 4\/2015, of January 7<\/a>, in its current wording<\/p>\n\t\t\t\t\t<\/div>\n\t\t\t\t<\/div>\n\t\t\t<\/div>\n\t\t\t\t\t\t<div class=\"faq-item\">\n\t\t\t\t<h4 class=\"faq-item-toggle\">\n\t\t\t\t\t<button type=\"button\" class=\"js-faq-toggle\" aria-controls=\"faq-panel-block_214a41881acefff674d94d6257e2bc23-d-1-2\" aria-expanded=\"false\" id=\"faq-btn-block_214a41881acefff674d94d6257e2bc23-d-1-2\">\n\t\t\t\t\t\tAre the General Council meetings public?\t\t\t\t\t<\/button>\n\t\t\t\t<\/h4>\n\t\t\t\t<div class=\"faq-item-content\" id=\"faq-panel-block_214a41881acefff674d94d6257e2bc23-d-1-2\" role=\"region\" aria-labelledby=\"faq-btn-block_214a41881acefff674d94d6257e2bc23-d-1-2\" hidden>\n\t\t\t\t\t<div class=\"c-description\">\n\t\t\t\t\t\t<p>Generally, no. The applicable legal framework does not mandate the public disclosure of General Council meetings.<\/p>\n<p>Aspects relating to the functioning of the body, including the possible opening of meetings or the participation of third parties, should be defined in its rules of procedure.<\/p>\n<p>Any opening to the public must safeguard the regular functioning of the body and compliance with confidentiality obligations.<\/p>\n<p>Legal basis: Article 27, paragraph 1 of the Code of Administrative Procedure, approved by <a href=\"https:\/\/diariodarepublica.pt\/dr\/legislacao-consolidada\/decreto-lei\/2015-105602322\">Decree-Law No. 4\/2015, of January 7<\/a>, in its current wording<\/p>\n\t\t\t\t\t<\/div>\n\t\t\t\t<\/div>\n\t\t\t<\/div>\n\t\t\t\t\t\t<div class=\"faq-item\">\n\t\t\t\t<h4 class=\"faq-item-toggle\">\n\t\t\t\t\t<button type=\"button\" class=\"js-faq-toggle\" aria-controls=\"faq-panel-block_214a41881acefff674d94d6257e2bc23-d-1-3\" aria-expanded=\"false\" id=\"faq-btn-block_214a41881acefff674d94d6257e2bc23-d-1-3\">\n\t\t\t\t\t\tHow is the election of the President of the General Council carried out?\t\t\t\t\t<\/button>\n\t\t\t\t<\/h4>\n\t\t\t\t<div class=\"faq-item-content\" id=\"faq-panel-block_214a41881acefff674d94d6257e2bc23-d-1-3\" role=\"region\" aria-labelledby=\"faq-btn-block_214a41881acefff674d94d6257e2bc23-d-1-3\" hidden>\n\t\t\t\t\t<div class=\"c-description\">\n\t\t\t\t\t\t<p>The President of the General Council is elected by an absolute majority vote of the General Council members in office. The election is held in accordance with the terms defined in the respective regulations.<\/p>\n<p>Legal basis: Article 13, paragraph 1, subparagraph a), and paragraph 2, of <a href=\"https:\/\/diariodarepublica.pt\/dr\/detalhe\/decreto-lei\/75-2008-249866\">Decree-Law No. 75\/2008, of April 22<\/a>, in its current wording.<\/p>\n\t\t\t\t\t<\/div>\n\t\t\t\t<\/div>\n\t\t\t<\/div>\n\t\t\t\t\t\t<div class=\"faq-item\">\n\t\t\t\t<h4 class=\"faq-item-toggle\">\n\t\t\t\t\t<button type=\"button\" class=\"js-faq-toggle\" aria-controls=\"faq-panel-block_214a41881acefff674d94d6257e2bc23-d-1-4\" aria-expanded=\"false\" id=\"faq-btn-block_214a41881acefff674d94d6257e2bc23-d-1-4\">\n\t\t\t\t\t\tHow are representatives elected to the General Council?\t\t\t\t\t<\/button>\n\t\t\t\t<\/h4>\n\t\t\t\t<div class=\"faq-item-content\" id=\"faq-panel-block_214a41881acefff674d94d6257e2bc23-d-1-4\" role=\"region\" aria-labelledby=\"faq-btn-block_214a41881acefff674d94d6257e2bc23-d-1-4\" hidden>\n\t\t\t\t\t<div class=\"c-description\">\n\t\t\t\t\t\t<p>The representatives of the different bodies on the General Council are elected by their respective peers, in accordance with the provisions of the legal framework governing the autonomy, administration and management of public educational establishments.<\/p>\n<p>Candidates are submitted in separate lists for each of the represented bodies.<\/p>\n<p>The conversion of votes into seats is done according to the highest average proportional representation method of Hondt.<\/p>\n<p>Legal basis: articles 14 and 15 of \u00a0<a href=\"https:\/\/diariodarepublica.pt\/dr\/detalhe\/decreto-lei\/75-2008-249866\">Decree-Law No. 75\/2008, of April 22<\/a>, in its current wording.<\/p>\n\t\t\t\t\t<\/div>\n\t\t\t\t<\/div>\n\t\t\t<\/div>\n\t\t\t\t\t\t<div class=\"faq-item\">\n\t\t\t\t<h4 class=\"faq-item-toggle\">\n\t\t\t\t\t<button type=\"button\" class=\"js-faq-toggle\" aria-controls=\"faq-panel-block_214a41881acefff674d94d6257e2bc23-d-1-5\" aria-expanded=\"false\" id=\"faq-btn-block_214a41881acefff674d94d6257e2bc23-d-1-5\">\n\t\t\t\t\t\tCan the General Council deliberate without the presence of all members?\t\t\t\t\t<\/button>\n\t\t\t\t<\/h4>\n\t\t\t\t<div class=\"faq-item-content\" id=\"faq-panel-block_214a41881acefff674d94d6257e2bc23-d-1-5\" role=\"region\" aria-labelledby=\"faq-btn-block_214a41881acefff674d94d6257e2bc23-d-1-5\" hidden>\n\t\t\t\t\t<div class=\"c-description\">\n\t\t\t\t\t\t<p>Yes. The General Council may validly meet and deliberate without the presence of all its members, provided that the legally required quorum is ensured.<\/p>\n<p>The body functions validly when a majority of its legally required members are present and actively performing their duties.<\/p>\n<p>Decisions are made by a simple majority vote of the members present, unless a legal or regulatory provision requires a qualified majority, and the rules for convening and operating as set out in the respective regulations must be respected.<\/p>\n<p>Legal basis:<\/p>\n<ul>\n<li>Article 68. <a href=\"https:\/\/diariodarepublica.pt\/dr\/detalhe\/decreto-lei\/75-2008-249866\">Decree-Law No. 75\/2008, of April 22<\/a>, in its current wording<\/li>\n<li>Article 29 of the Code of Administrative Procedure, approved by <a href=\"https:\/\/diariodarepublica.pt\/dr\/legislacao-consolidada\/decreto-lei\/2015-105602322\">Decree-Law No. 4\/2015, of January 7<\/a>, in its current wording<\/li>\n<\/ul>\n\t\t\t\t\t<\/div>\n\t\t\t\t<\/div>\n\t\t\t<\/div>\n\t\t\t\t\t\t<div class=\"faq-item\">\n\t\t\t\t<h4 class=\"faq-item-toggle\">\n\t\t\t\t\t<button type=\"button\" class=\"js-faq-toggle\" aria-controls=\"faq-panel-block_214a41881acefff674d94d6257e2bc23-d-1-6\" aria-expanded=\"false\" id=\"faq-btn-block_214a41881acefff674d94d6257e2bc23-d-1-6\">\n\t\t\t\t\t\tCan internal regulations contradict the law?\t\t\t\t\t<\/button>\n\t\t\t\t<\/h4>\n\t\t\t\t<div class=\"faq-item-content\" id=\"faq-panel-block_214a41881acefff674d94d6257e2bc23-d-1-6\" role=\"region\" aria-labelledby=\"faq-btn-block_214a41881acefff674d94d6257e2bc23-d-1-6\" hidden>\n\t\t\t\t\t<div class=\"c-description\">\n\t\t\t\t\t\t<p>No. The internal regulations constitute an instrument for the organization and functioning of the organic unit, and must comply with the applicable legal and regulatory framework.<\/p>\n<p>The rules contained in the internal regulations cannot contradict legal or regulatory provisions of a higher level, nor establish solutions that exceed or modify the legal regime defined by law.<\/p>\n<p>The internal rules and regulations of the bodies must be drawn up in accordance with the legal framework applicable to the operation and organization of the organizational unit.<\/p>\n<p>Legal basis:<\/p>\n<ul>\n<li>Article 3 of the Code of Administrative Procedure, approved by <a href=\"https:\/\/diariodarepublica.pt\/dr\/legislacao-consolidada\/decreto-lei\/2015-105602322\">Decree-Law No. 4\/2015, of January 7<\/a>, in its current wording<\/li>\n<li>articles 9 and 13 of <a href=\"https:\/\/diariodarepublica.pt\/dr\/detalhe\/decreto-lei\/75-2008-249866\">Decree-Law No. 75\/2008, of April 22<\/a>, in its current wording<\/li>\n<\/ul>\n\t\t\t\t\t<\/div>\n\t\t\t\t<\/div>\n\t\t\t<\/div>\n\t\t\t\t\t\t<div class=\"faq-item\">\n\t\t\t\t<h4 class=\"faq-item-toggle\">\n\t\t\t\t\t<button type=\"button\" class=\"js-faq-toggle\" aria-controls=\"faq-panel-block_214a41881acefff674d94d6257e2bc23-d-1-7\" aria-expanded=\"false\" id=\"faq-btn-block_214a41881acefff674d94d6257e2bc23-d-1-7\">\n\t\t\t\t\t\tWhat is the term of office for members of the General Council?\t\t\t\t\t<\/button>\n\t\t\t\t<\/h4>\n\t\t\t\t<div class=\"faq-item-content\" id=\"faq-panel-block_214a41881acefff674d94d6257e2bc23-d-1-7\" role=\"region\" aria-labelledby=\"faq-btn-block_214a41881acefff674d94d6257e2bc23-d-1-7\" hidden>\n\t\t\t\t\t<div class=\"c-description\">\n\t\t\t\t\t\t<p>The term of office for members of the General Council is, as a rule, four years.<\/p>\n<p>In the case of representatives of parents and guardians and of students, the term of office is two school years.<\/p>\n<p>Legal basis: Article 16, paragraphs 1 and 2, of <a href=\"https:\/\/diariodarepublica.pt\/dr\/detalhe\/decreto-lei\/75-2008-249866\">Decree-Law No. 75\/2008, of April 22<\/a>, in its current wording<\/p>\n\t\t\t\t\t<\/div>\n\t\t\t\t<\/div>\n\t\t\t<\/div>\n\t\t\t\t\t\t<div class=\"faq-item\">\n\t\t\t\t<h4 class=\"faq-item-toggle\">\n\t\t\t\t\t<button type=\"button\" class=\"js-faq-toggle\" aria-controls=\"faq-panel-block_214a41881acefff674d94d6257e2bc23-d-1-8\" aria-expanded=\"false\" id=\"faq-btn-block_214a41881acefff674d94d6257e2bc23-d-1-8\">\n\t\t\t\t\t\tWhen do the General Council meetings take place?\t\t\t\t\t<\/button>\n\t\t\t\t<\/h4>\n\t\t\t\t<div class=\"faq-item-content\" id=\"faq-panel-block_214a41881acefff674d94d6257e2bc23-d-1-8\" role=\"region\" aria-labelledby=\"faq-btn-block_214a41881acefff674d94d6257e2bc23-d-1-8\" hidden>\n\t\t\t\t\t<div class=\"c-description\">\n\t\t\t\t\t\t<p>The General Council ordinarily meets once a quarter.<\/p>\n<p>The General Council meets extraordinarily whenever convened by its President, either on his own initiative, at the request of one-third of its members in active service, or at the request of the Director.<\/p>\n<p>Legal basis: Article 17, paragraphs 1 and 2, of <a href=\"https:\/\/diariodarepublica.pt\/dr\/detalhe\/decreto-lei\/75-2008-249866\">Decree-Law No. 75\/2008, of April 22<\/a>, in its current wording<\/p>\n\t\t\t\t\t<\/div>\n\t\t\t\t<\/div>\n\t\t\t<\/div>\n\t\t\t\t\t\t<div class=\"faq-item\">\n\t\t\t\t<h4 class=\"faq-item-toggle\">\n\t\t\t\t\t<button type=\"button\" class=\"js-faq-toggle\" aria-controls=\"faq-panel-block_214a41881acefff674d94d6257e2bc23-d-1-9\" aria-expanded=\"false\" id=\"faq-btn-block_214a41881acefff674d94d6257e2bc23-d-1-9\">\n\t\t\t\t\t\tHow many members make up the General Council?\t\t\t\t\t<\/button>\n\t\t\t\t<\/h4>\n\t\t\t\t<div class=\"faq-item-content\" id=\"faq-panel-block_214a41881acefff674d94d6257e2bc23-d-1-9\" role=\"region\" aria-labelledby=\"faq-btn-block_214a41881acefff674d94d6257e2bc23-d-1-9\" hidden>\n\t\t\t\t\t<div class=\"c-description\">\n\t\t\t\t\t\t<p>The number of members that make up the General Council is defined in the internal regulations of each school cluster or non-clustered school. The General Council must consist of an odd number of members, not exceeding 21.<\/p>\n<p>Legal basis: Article 12, paragraph 1, of <a href=\"https:\/\/diariodarepublica.pt\/dr\/detalhe\/decreto-lei\/75-2008-249866\">Decree-Law No. 75\/2008, of April 22<\/a>, in its current wording<\/p>\n\t\t\t\t\t<\/div>\n\t\t\t\t<\/div>\n\t\t\t<\/div>\n\t\t\t\t\t\t<div class=\"faq-item\">\n\t\t\t\t<h4 class=\"faq-item-toggle\">\n\t\t\t\t\t<button type=\"button\" class=\"js-faq-toggle\" aria-controls=\"faq-panel-block_214a41881acefff674d94d6257e2bc23-d-1-10\" aria-expanded=\"false\" id=\"faq-btn-block_214a41881acefff674d94d6257e2bc23-d-1-10\">\n\t\t\t\t\t\tWhich bodies ensure the administration and management of school clusters and non-clustered schools?\t\t\t\t\t<\/button>\n\t\t\t\t<\/h4>\n\t\t\t\t<div class=\"faq-item-content\" id=\"faq-panel-block_214a41881acefff674d94d6257e2bc23-d-1-10\" role=\"region\" aria-labelledby=\"faq-btn-block_214a41881acefff674d94d6257e2bc23-d-1-10\" hidden>\n\t\t\t\t\t<div class=\"c-description\">\n\t\t\t\t\t\t<p>The administration and management of school clusters and non-clustered schools is ensured by the following bodies:<\/p>\n<ul>\n<li>\n<ul>\n<li>General Council;<\/li>\n<li>Director;<\/li>\n<li>Pedagogical Council;<\/li>\n<li>Board of Directors.<\/li>\n<\/ul>\n<\/li>\n<\/ul>\n<p>These bodies exercise their respective powers in accordance with the legal framework governing the autonomy, administration and management of schools.<\/p>\n<p>Legal basis: Article 10, paragraph 2, of <a href=\"https:\/\/diariodarepublica.pt\/dr\/detalhe\/decreto-lei\/75-2008-249866\">Decree-Law No. 75\/2008, of April 22<\/a>, in its current wording.<\/p>\n\t\t\t\t\t<\/div>\n\t\t\t\t<\/div>\n\t\t\t<\/div>\n\t\t\t\t\t\t<div class=\"faq-item\">\n\t\t\t\t<h4 class=\"faq-item-toggle\">\n\t\t\t\t\t<button type=\"button\" class=\"js-faq-toggle\" aria-controls=\"faq-panel-block_214a41881acefff674d94d6257e2bc23-d-1-11\" aria-expanded=\"false\" id=\"faq-btn-block_214a41881acefff674d94d6257e2bc23-d-1-11\">\n\t\t\t\t\t\tWho approves the internal regulations of the General Council?\t\t\t\t\t<\/button>\n\t\t\t\t<\/h4>\n\t\t\t\t<div class=\"faq-item-content\" id=\"faq-panel-block_214a41881acefff674d94d6257e2bc23-d-1-11\" role=\"region\" aria-labelledby=\"faq-btn-block_214a41881acefff674d94d6257e2bc23-d-1-11\" hidden>\n\t\t\t\t\t<div class=\"c-description\">\n\t\t\t\t\t\t<p>The approval of the internal regulations falls under the competence of the General Council, as the body responsible for defining strategic guidelines and the overall organization of the organizational unit.<\/p>\n<p>The internal regulations constitute a structuring instrument for the functioning of the school or school group.<\/p>\n<p>It is the responsibility of the General Council to decide on its approval, as well as on any changes or revisions, in the exercise of its own powers.<\/p>\n<p>Legal basis: Article 13, paragraph 1, d) of <a href=\"https:\/\/diariodarepublica.pt\/dr\/detalhe\/decreto-lei\/75-2008-249866\">Decree-Law No. 75\/2008, of April 22<\/a>, in its current wording<\/p>\n\t\t\t\t\t<\/div>\n\t\t\t\t<\/div>\n\t\t\t<\/div>\n\t\t\t\t\t\t<div class=\"faq-item\">\n\t\t\t\t<h4 class=\"faq-item-toggle\">\n\t\t\t\t\t<button type=\"button\" class=\"js-faq-toggle\" aria-controls=\"faq-panel-block_214a41881acefff674d94d6257e2bc23-d-1-12\" aria-expanded=\"false\" id=\"faq-btn-block_214a41881acefff674d94d6257e2bc23-d-1-12\">\n\t\t\t\t\t\tWho convenes the General Council?\t\t\t\t\t<\/button>\n\t\t\t\t<\/h4>\n\t\t\t\t<div class=\"faq-item-content\" id=\"faq-panel-block_214a41881acefff674d94d6257e2bc23-d-1-12\" role=\"region\" aria-labelledby=\"faq-btn-block_214a41881acefff674d94d6257e2bc23-d-1-12\" hidden>\n\t\t\t\t\t<div class=\"c-description\">\n\t\t\t\t\t\t<p>The General Council meetings are convened in accordance with the terms defined in its regulations, which establish the rules for the organization and functioning of the body.<\/p>\n<p>As a rule, the convocation is carried out by the President of the General Council, as he is responsible for ensuring the regular functioning of the body.<\/p>\n<p>The specific terms of the convocation, as well as the possibility of holding extraordinary meetings, should be verified in the rules of procedure of the General Council.<\/p>\n<p>Legal basis:<\/p>\n<ul>\n<li>Article 17, paragraph 1, and Article 55, paragraphs 1 and 2, of <a href=\"https:\/\/diariodarepublica.pt\/dr\/detalhe\/decreto-lei\/75-2008-249866\">Decree-Law No. 75\/2008, of April 22<\/a>, in its current wording<\/li>\n<li>Articles 23, paragraphs 1 and 2, and 24 of the Code of Administrative Procedure, approved by <a href=\"https:\/\/diariodarepublica.pt\/dr\/legislacao-consolidada\/decreto-lei\/2015-105602322\">Decree-Law No. 4\/2015, of January 7<\/a>, in its current wording<\/li>\n<\/ul>\n\t\t\t\t\t<\/div>\n\t\t\t\t<\/div>\n\t\t\t<\/div>\n\t\t\t\t\t\t<div class=\"faq-item\">\n\t\t\t\t<h4 class=\"faq-item-toggle\">\n\t\t\t\t\t<button type=\"button\" class=\"js-faq-toggle\" aria-controls=\"faq-panel-block_214a41881acefff674d94d6257e2bc23-d-1-13\" aria-expanded=\"false\" id=\"faq-btn-block_214a41881acefff674d94d6257e2bc23-d-1-13\">\n\t\t\t\t\t\tWho are the members of the General Council?\t\t\t\t\t<\/button>\n\t\t\t\t<\/h4>\n\t\t\t\t<div class=\"faq-item-content\" id=\"faq-panel-block_214a41881acefff674d94d6257e2bc23-d-1-13\" role=\"region\" aria-labelledby=\"faq-btn-block_214a41881acefff674d94d6257e2bc23-d-1-13\" hidden>\n\t\t\t\t\t<div class=\"c-description\">\n\t\t\t\t\t\t<p>The General Council is composed of representatives from the teaching staff; non-teaching staff; parents and guardians; students; the municipality; and the local community.<\/p>\n<p>Student representatives must be at least 16 years old.<\/p>\n<p>The number of representatives of teaching and non-teaching staff, combined, cannot exceed 50 % of the total number of members of the General Council.<\/p>\n<p>The Director participates in the General Council meetings, but does not have the right to vote.<\/p>\n<p>Legal basis: Article 12, paragraphs 2, 3 and 4, of <a href=\"https:\/\/diariodarepublica.pt\/dr\/detalhe\/decreto-lei\/75-2008-249866\">Decree-Law No. 75\/2008, of April 22<\/a>, in its current wording<\/p>\n\t\t\t\t\t<\/div>\n\t\t\t\t<\/div>\n\t\t\t<\/div>\n\t\t\t\t\t\t\t<\/div>\n\t\t\t<\/div>\n\t\t\t\t\t\t<div class=\"faq-tab-panel\" role=\"tabpanel\" id=\"faq-tabpanel-block_214a41881acefff674d94d6257e2bc23-d-2\" aria-labelledby=\"faq-tab-block_214a41881acefff674d94d6257e2bc23-d-2\" hidden>\n\t\t\t\t<div class=\"faq-controls\">\n\t\t\t\t\t<h3 class=\"title\">\n\t\t\t\t\t\tDirector\t\t\t\t\t<\/h3>\n\t\t\t\t\t<button type=\"button\" class=\"js-faq-toggle-all c-button --outlined --black\" data-label-open=\"Abrir todas\" data-label-close=\"Fechar todas\" aria-expanded=\"false\">\n\t\t\t\t\t\tAbrir todas\t\t\t\t\t<\/button>\n\t\t\t\t<\/div>\n\t\t\t\t<div class=\"faq-accordion\">\n\t\t\t\t\t\t\t\t<div class=\"faq-item\">\n\t\t\t\t<h4 class=\"faq-item-toggle\">\n\t\t\t\t\t<button type=\"button\" class=\"js-faq-toggle\" aria-controls=\"faq-panel-block_214a41881acefff674d94d6257e2bc23-d-2-1\" aria-expanded=\"false\" id=\"faq-btn-block_214a41881acefff674d94d6257e2bc23-d-2-1\">\n\t\t\t\t\t\tIs the Director&#039;s election subject to ratification?\t\t\t\t\t<\/button>\n\t\t\t\t<\/h4>\n\t\t\t\t<div class=\"faq-item-content\" id=\"faq-panel-block_214a41881acefff674d94d6257e2bc23-d-2-1\" role=\"region\" aria-labelledby=\"faq-btn-block_214a41881acefff674d94d6257e2bc23-d-2-1\" hidden>\n\t\t\t\t\t<div class=\"c-description\">\n\t\t\t\t\t\t<p>Yes. The result of the recruitment and election procedure for the Director is subject to approval by the competent educational administration body, which is responsible for verifying the legal conformity of the procedure and compliance with applicable requirements.<\/p>\n<p>The assessment focuses on the regularity of the competitive procedure, specifically regarding the opening of the competition, the admission and evaluation of applications, and the decision of the General Council.<\/p>\n<p>The decision must be issued within 10 working days after the communication of the election results to AGSE, IP, by the President of the General Council, and will be considered tacitly approved if no decision is adopted within this period. Any non-approval can only be based on illegality or irregularity in the procedure.<\/p>\n<p>Since this is a service commission, it must be published in the 2nd Series of the Official Gazette, through the administrative services of the AE\/ENA.<\/p>\n<p>Legal basis:<\/p>\n<ul>\n<li>Article 23, paragraph 4, of <a href=\"https:\/\/diariodarepublica.pt\/dr\/detalhe\/decreto-lei\/75-2008-249866\">Decree-Law No. 75\/2008, of April 22<\/a>, in its current wording<\/li>\n<li>Article 26, paragraph 1, of <a href=\"https:\/\/diariodarepublica.pt\/dr\/detalhe\/decreto-lei\/75-2008-249866\">Decree-Law No. 75\/2008, of April 22<\/a>, in its current wording and article 4 of <a href=\"https:\/\/diariodarepublica.pt\/dr\/legislacao-consolidada\/lei\/2014-57466875\">Law No. 35\/2014, of June 20<\/a>, which approved the General Law on Public Service Employment<\/li>\n<\/ul>\n\t\t\t\t\t<\/div>\n\t\t\t\t<\/div>\n\t\t\t<\/div>\n\t\t\t\t\t\t<div class=\"faq-item\">\n\t\t\t\t<h4 class=\"faq-item-toggle\">\n\t\t\t\t\t<button type=\"button\" class=\"js-faq-toggle\" aria-controls=\"faq-panel-block_214a41881acefff674d94d6257e2bc23-d-2-2\" aria-expanded=\"false\" id=\"faq-btn-block_214a41881acefff674d94d6257e2bc23-d-2-2\">\n\t\t\t\t\t\tIs the Director&#039;s reappointment subject to approval?\t\t\t\t\t<\/button>\n\t\t\t\t<\/h4>\n\t\t\t\t<div class=\"faq-item-content\" id=\"faq-panel-block_214a41881acefff674d94d6257e2bc23-d-2-2\" role=\"region\" aria-labelledby=\"faq-btn-block_214a41881acefff674d94d6257e2bc23-d-2-2\" hidden>\n\t\t\t\t\t<div class=\"c-description\">\n\t\t\t\t\t\t<p>No. The reappointment of the Director is a decision made by the General Council, and its ratification is not legally required.<\/p>\n<p>Reappointment is contingent upon an express decision by the General Council, which must be made within 60 days prior to the Director&#039;s term expires.<\/p>\n<p>The validity of the decision depends on compliance with the rules applicable to the functioning of collegiate bodies, particularly regarding quorum, deliberative majorities and the formalization of resolutions, as well as the respective rules of procedure of the body.<\/p>\n<p>Since this concerns the renewal of a service commission, it must be published in the 2nd Series of the Official Gazette, through the administrative services of the AE\/ENA.<\/p>\n<p>Legal basis:<\/p>\n<ul>\n<li>Article 13, paragraph 1, subparagraph b), Article 25, paragraphs 2 and 3, and Article 26, paragraph 1, of <a href=\"https:\/\/diariodarepublica.pt\/dr\/detalhe\/decreto-lei\/75-2008-249866\">Decree-Law No. 75\/2008, of April 22<\/a>, in its current wording<\/li>\n<li>Article 4, paragraph 1, subparagraph c), of <a href=\"https:\/\/diariodarepublica.pt\/dr\/legislacao-consolidada\/lei\/2014-57466875\">Law No. 35\/2014, of June 20<\/a>, which approved the General Law on Public Service Employment<\/li>\n<li>Articles 29(1), 31(1), and 34(1) of the Code of Administrative Procedure, approved by <a href=\"https:\/\/diariodarepublica.pt\/dr\/legislacao-consolidada\/decreto-lei\/2015-105602322\">Decree-Law No. 4\/2015, of January 7<\/a>, in its current wording<\/li>\n<\/ul>\n\t\t\t\t\t<\/div>\n\t\t\t\t<\/div>\n\t\t\t<\/div>\n\t\t\t\t\t\t<div class=\"faq-item\">\n\t\t\t\t<h4 class=\"faq-item-toggle\">\n\t\t\t\t\t<button type=\"button\" class=\"js-faq-toggle\" aria-controls=\"faq-panel-block_214a41881acefff674d94d6257e2bc23-d-2-3\" aria-expanded=\"false\" id=\"faq-btn-block_214a41881acefff674d94d6257e2bc23-d-2-3\">\n\t\t\t\t\t\tHow should the General Council verify the specific qualifications of candidates?\t\t\t\t\t<\/button>\n\t\t\t\t<\/h4>\n\t\t\t\t<div class=\"faq-item-content\" id=\"faq-panel-block_214a41881acefff674d94d6257e2bc23-d-2-3\" role=\"region\" aria-labelledby=\"faq-btn-block_214a41881acefff674d94d6257e2bc23-d-2-3\" hidden>\n\t\t\t\t\t<div class=\"c-description\">\n\t\t\t\t\t\t<p>The qualification for the exercise of school administration and management functions referred to in points b) and c) of paragraph 1 of article 56 of <a href=\"https:\/\/diariodarepublica.pt\/dr\/legislacao-consolidada\/decreto-lei\/2012-117105579\">Teaching Career Statute<\/a> It must correspond to specialized training in the area of school administration.<\/p>\n<p>This training should:<\/p>\n<ul>\n<li>to be taught by a higher education institution;<\/li>\n<li>to have a duration of no less than 250 hours;<\/li>\n<li>to be accredited by the Scientific-Pedagogical Council for Continuing Education (CCPFC).<\/li>\n<\/ul>\n<p>Therefore, the certificates submitted by candidates as proof of specific training for the position of director must include the respective accreditation registration as specialized training by the CCPFC.<\/p>\n<p>In the context of evaluating applications, it is the responsibility of the General Council to verify compliance with these requirements.<\/p>\n<p>Common situations in the evaluation of applications<\/p>\n<table>\n<tbody>\n<tr>\n<td><strong>Candidate profile<\/strong><\/td>\n<td><strong>Procedures to be followed<\/strong><\/td>\n<\/tr>\n<tr>\n<td>Teachers with 5 or more years of service are applying for the position, some with specific training and others without.<\/td>\n<td>Only teachers with specific training should be admitted to the competition;<\/p>\n<p>&nbsp;<\/p>\n<p>Candidates without specific training should not be admitted to the competition.<\/td>\n<\/tr>\n<tr>\n<td>Only tenured teachers with 5 or more years of service and no specific training are eligible to apply.<\/td>\n<td>These candidates may be admitted to the competition.<\/td>\n<\/tr>\n<tr>\n<td>Career teachers and teachers with fixed-term contracts, with 5 or more years of service and specific training, are eligible to apply.<\/td>\n<td>Only tenured teachers with specific training should be admitted to the competition;<\/p>\n<p>&nbsp;<\/p>\n<p>Teachers with fixed-term contracts, with 5 or more years of service, and holding specific training, should be excluded, since they do not meet the legal requirements for admission to the competition (they are not tenured teachers).<\/td>\n<\/tr>\n<\/tbody>\n<\/table>\n<p><strong>Legal basis<\/strong><\/p>\n<ul>\n<li>Article 21, paragraph 3 of <a href=\"https:\/\/diariodarepublica.pt\/dr\/detalhe\/decreto-lei\/75-2008-249866\">Decree-Law No. 75\/2008, of April 22<\/a>, in its current wording<\/li>\n<li>Article 56 of <a href=\"https:\/\/diariodarepublica.pt\/dr\/detalhe\/decreto-lei\/139-a-1990-411815\">Decree-Law No. 139-A\/90, of April 28<\/a>, which approved the Statute of the Career of Early Childhood Educators and Teachers of Basic and Secondary Education, in its current wording.<\/li>\n<li>articles 4.\u00ba al. b), 6.\u00ba n.\u00ba1 and 8.\u00ba n.\u00ba2 of <a href=\"https:\/\/diariodarepublica.pt\/dr\/detalhe\/decreto-lei\/95-1997-476920\">Decree-Law No. 95\/97, of April 23<\/a>, in its current wording<\/li>\n<\/ul>\n\t\t\t\t\t<\/div>\n\t\t\t\t<\/div>\n\t\t\t<\/div>\n\t\t\t\t\t\t<div class=\"faq-item\">\n\t\t\t\t<h4 class=\"faq-item-toggle\">\n\t\t\t\t\t<button type=\"button\" class=\"js-faq-toggle\" aria-controls=\"faq-panel-block_214a41881acefff674d94d6257e2bc23-d-2-4\" aria-expanded=\"false\" id=\"faq-btn-block_214a41881acefff674d94d6257e2bc23-d-2-4\">\n\t\t\t\t\t\tIs specific qualification required for the reappointment of the director?\t\t\t\t\t<\/button>\n\t\t\t\t<\/h4>\n\t\t\t\t<div class=\"faq-item-content\" id=\"faq-panel-block_214a41881acefff674d94d6257e2bc23-d-2-4\" role=\"region\" aria-labelledby=\"faq-btn-block_214a41881acefff674d94d6257e2bc23-d-2-4\" hidden>\n\t\t\t\t\t<div class=\"c-description\">\n\t\t\t\t\t\t<p>No. For the purposes of reappointment, the incumbent director cannot be required to have qualifications for the position that are higher than those he or she possessed at the time of their election.<\/p>\n<p>The General Council&#039;s decision to reappoint the director does not depend on the verification of any additional or subsequent specific qualifications, provided that the director met the legally required criteria at the time of election.<\/p>\n<p>Reappointment constitutes a renewal of the current mandate and does not correspond to a new competitive procedure or a new full verification of the application requirements.<\/p>\n<p>Legal basis: Article 21, paragraph 4, subparagraphs b), c) and d) of <a href=\"https:\/\/diariodarepublica.pt\/dr\/detalhe\/decreto-lei\/75-2008-249866\">Decree-Law No. 75\/2008, of April 22<\/a>, in its current wording<\/p>\n\t\t\t\t\t<\/div>\n\t\t\t\t<\/div>\n\t\t\t<\/div>\n\t\t\t\t\t\t<div class=\"faq-item\">\n\t\t\t\t<h4 class=\"faq-item-toggle\">\n\t\t\t\t\t<button type=\"button\" class=\"js-faq-toggle\" aria-controls=\"faq-panel-block_214a41881acefff674d94d6257e2bc23-d-2-5\" aria-expanded=\"false\" id=\"faq-btn-block_214a41881acefff674d94d6257e2bc23-d-2-5\">\n\t\t\t\t\t\tUnder what circumstances can a director be reappointed?\t\t\t\t\t<\/button>\n\t\t\t\t<\/h4>\n\t\t\t\t<div class=\"faq-item-content\" id=\"faq-panel-block_214a41881acefff674d94d6257e2bc23-d-2-5\" role=\"region\" aria-labelledby=\"faq-btn-block_214a41881acefff674d94d6257e2bc23-d-2-5\" hidden>\n\t\t\t\t\t<div class=\"c-description\">\n\t\t\t\t\t\t<p>The director may be reappointed for a new term provided that the previous term resulted from a duly completed competitive selection process.<\/p>\n<p>The director cannot serve more than four consecutive terms. After this limit, they can only return to office through a new competitive selection process and after an interval corresponding to at least one full term.<\/p>\n<p>Legal basis: Article 25, paragraphs 3 and 4, of <a href=\"https:\/\/diariodarepublica.pt\/dr\/detalhe\/decreto-lei\/75-2008-249866\">Decree-Law No. 75\/2008, of April 22<\/a>, in its current wording<\/p>\n\t\t\t\t\t<\/div>\n\t\t\t\t<\/div>\n\t\t\t<\/div>\n\t\t\t\t\t\t<div class=\"faq-item\">\n\t\t\t\t<h4 class=\"faq-item-toggle\">\n\t\t\t\t\t<button type=\"button\" class=\"js-faq-toggle\" aria-controls=\"faq-panel-block_214a41881acefff674d94d6257e2bc23-d-2-6\" aria-expanded=\"false\" id=\"faq-btn-block_214a41881acefff674d94d6257e2bc23-d-2-6\">\n\t\t\t\t\t\tWhat is the Director?\t\t\t\t\t<\/button>\n\t\t\t\t<\/h4>\n\t\t\t\t<div class=\"faq-item-content\" id=\"faq-panel-block_214a41881acefff674d94d6257e2bc23-d-2-6\" role=\"region\" aria-labelledby=\"faq-btn-block_214a41881acefff674d94d6257e2bc23-d-2-6\" hidden>\n\t\t\t\t\t<div class=\"c-description\">\n\t\t\t\t\t\t<p>The Director is the administrative and management body of the school cluster or non-clustered school in the pedagogical, cultural, administrative, financial and patrimonial areas.<\/p>\n<p>In carrying out their duties, the Director is assisted by a Deputy Director and one to three Assistants.<\/p>\n<p>Legal basis: articles 18 and 19 of <a href=\"https:\/\/diariodarepublica.pt\/dr\/detalhe\/decreto-lei\/75-2008-249866\">Decree-Law No. 75\/2008, of April 22<\/a>, in its current wording<\/p>\n\t\t\t\t\t<\/div>\n\t\t\t\t<\/div>\n\t\t\t<\/div>\n\t\t\t\t\t\t<div class=\"faq-item\">\n\t\t\t\t<h4 class=\"faq-item-toggle\">\n\t\t\t\t\t<button type=\"button\" class=\"js-faq-toggle\" aria-controls=\"faq-panel-block_214a41881acefff674d94d6257e2bc23-d-2-7\" aria-expanded=\"false\" id=\"faq-btn-block_214a41881acefff674d94d6257e2bc23-d-2-7\">\n\t\t\t\t\t\tWhat happens if no candidate obtains the necessary majority in the first round of voting?\t\t\t\t\t<\/button>\n\t\t\t\t<\/h4>\n\t\t\t\t<div class=\"faq-item-content\" id=\"faq-panel-block_214a41881acefff674d94d6257e2bc23-d-2-7\" role=\"region\" aria-labelledby=\"faq-btn-block_214a41881acefff674d94d6257e2bc23-d-2-7\" hidden>\n\t\t\t\t\t<div class=\"c-description\">\n\t\t\t\t\t\t<p>If no candidate obtains an absolute majority of the votes of the members of the General Council in office in the first vote, a new meeting of the General Council must be held for a new ballot.<\/p>\n<p>This meeting must be convened within a maximum of five working days.<\/p>\n<p>Legal basis: Article 23, paragraphs 1 and 2, of <a href=\"https:\/\/diariodarepublica.pt\/dr\/detalhe\/decreto-lei\/75-2008-249866\">Decree-Law No. 75\/2008, of April 22<\/a>, in its current wording<\/p>\n\t\t\t\t\t<\/div>\n\t\t\t\t<\/div>\n\t\t\t<\/div>\n\t\t\t\t\t\t<div class=\"faq-item\">\n\t\t\t\t<h4 class=\"faq-item-toggle\">\n\t\t\t\t\t<button type=\"button\" class=\"js-faq-toggle\" aria-controls=\"faq-panel-block_214a41881acefff674d94d6257e2bc23-d-2-8\" aria-expanded=\"false\" id=\"faq-btn-block_214a41881acefff674d94d6257e2bc23-d-2-8\">\n\t\t\t\t\t\tCan candidates without specific training be admitted to the competitive selection process?\t\t\t\t\t<\/button>\n\t\t\t\t<\/h4>\n\t\t\t\t<div class=\"faq-item-content\" id=\"faq-panel-block_214a41881acefff674d94d6257e2bc23-d-2-8\" role=\"region\" aria-labelledby=\"faq-btn-block_214a41881acefff674d94d6257e2bc23-d-2-8\" hidden>\n\t\t\t\t\t<div class=\"c-description\">\n\t\t\t\t\t\t<p>Yes. Candidates who do not hold specialized training in school administration and management may be admitted to the competitive procedure, provided that the legally established conditions are met.<\/p>\n<p>These candidates may only be considered if there are no candidates with specific qualifications, or if they do not meet the legal requirements for admission to the competition, provided that:<\/p>\n<ul>\n<li>They must have experience corresponding to at least one full term in the positions of director, deputy director or assistant director, president or vice-president of the executive board, executive director or assistant executive director, or member of the board of directors and\/or executive board;<\/li>\n<li>They must have at least 3 years of experience as a director or pedagogical director of a private or cooperative educational institution;<\/li>\n<li>They must have a relevant curriculum in the area of school management and administration, as determined by a secret ballot, by a majority of the members of the commission foreseen in paragraph 4 of article 22.<\/li>\n<\/ul>\n<p>It is the responsibility of the General Council to verify compliance with these conditions when assessing applications.<\/p>\n<p>Legal basis: Article 21, paragraph 4, subparagraphs b), c) and d) and paragraph 5, of <a href=\"https:\/\/diariodarepublica.pt\/dr\/detalhe\/decreto-lei\/75-2008-249866\">Decree-Law No. 75\/2008, of April 22<\/a>, in its current wording<\/p>\n\t\t\t\t\t<\/div>\n\t\t\t\t<\/div>\n\t\t\t<\/div>\n\t\t\t\t\t\t<div class=\"faq-item\">\n\t\t\t\t<h4 class=\"faq-item-toggle\">\n\t\t\t\t\t<button type=\"button\" class=\"js-faq-toggle\" aria-controls=\"faq-panel-block_214a41881acefff674d94d6257e2bc23-d-2-9\" aria-expanded=\"false\" id=\"faq-btn-block_214a41881acefff674d94d6257e2bc23-d-2-9\">\n\t\t\t\t\t\tWhat are the requirements for candidates applying for the competitive selection process for director of a school cluster\/non-clustered school?\t\t\t\t\t<\/button>\n\t\t\t\t<\/h4>\n\t\t\t\t<div class=\"faq-item-content\" id=\"faq-panel-block_214a41881acefff674d94d6257e2bc23-d-2-9\" role=\"region\" aria-labelledby=\"faq-btn-block_214a41881acefff674d94d6257e2bc23-d-2-9\" hidden>\n\t\t\t\t\t<div class=\"c-description\">\n\t\t\t\t\t\t<p>Candidates who cumulatively meet the legally established requirements, to be verified by the General Council, may apply for the competitive selection process for the position of director. Specifically, the following may be candidates (applicants):<\/p>\n<ul>\n<li>Career teachers in the public education system; or professionally qualified teachers with permanent contracts in private and cooperative education systems.<\/li>\n<li>to have at least five years of teaching experience;<\/li>\n<li>to possess specific qualifications for the exercise of school administration and management functions.<\/li>\n<\/ul>\n<p>It is the responsibility of the General Council to verify compliance with the admission requirements during the evaluation of applications.<\/p>\n<p>Legal basis<\/p>\n<ul>\n<li>Article 21, paragraph 3 of <a href=\"https:\/\/diariodarepublica.pt\/dr\/detalhe\/decreto-lei\/75-2008-249866\">Decree-Law No. 75\/2008, of April 22<\/a>, in its current wording<\/li>\n<li>Article 56 of <a href=\"https:\/\/diariodarepublica.pt\/dr\/detalhe\/decreto-lei\/139-a-1990-411815\">Decree-Law No. 139-A\/90, of April 28<\/a>, which approved the Statute of the Career of Early Childhood Educators and Teachers of Basic and Secondary Education, in its current wording.<\/li>\n<li>articles 4, 6 and 8 of <a href=\"https:\/\/diariodarepublica.pt\/dr\/detalhe\/decreto-lei\/95-1997-476920\">Decree-Law No. 95\/97, of April 23<\/a>, in its current wording<\/li>\n<\/ul>\n\t\t\t\t\t<\/div>\n\t\t\t\t<\/div>\n\t\t\t<\/div>\n\t\t\t\t\t\t<div class=\"faq-item\">\n\t\t\t\t<h4 class=\"faq-item-toggle\">\n\t\t\t\t\t<button type=\"button\" class=\"js-faq-toggle\" aria-controls=\"faq-panel-block_214a41881acefff674d94d6257e2bc23-d-2-10\" aria-expanded=\"false\" id=\"faq-btn-block_214a41881acefff674d94d6257e2bc23-d-2-10\">\n\t\t\t\t\t\tWhat majority is required in the second round of voting for the election of the director?\t\t\t\t\t<\/button>\n\t\t\t\t<\/h4>\n\t\t\t\t<div class=\"faq-item-content\" id=\"faq-panel-block_214a41881acefff674d94d6257e2bc23-d-2-10\" role=\"region\" aria-labelledby=\"faq-btn-block_214a41881acefff674d94d6257e2bc23-d-2-10\" hidden>\n\t\t\t\t\t<div class=\"c-description\">\n\t\t\t\t\t\t<p>In the new ballot, only one candidate is admitted, or, if there is more than one candidate, only the two candidates who received the most votes in the first round.<\/p>\n<p>In the second ballot, the candidate who obtains the highest number of favorable votes is considered elected, provided that this number is not less than one-third of the members of the General Council in office.<\/p>\n<p>Example: in a General Council with 21 members in active service, a candidate can only be considered elected if they obtain at least seven favorable votes.<\/p>\n<p>Legal basis: Article 23, paragraph 2 of <a href=\"https:\/\/diariodarepublica.pt\/dr\/detalhe\/decreto-lei\/75-2008-249866\">Decree-Law No. 75\/2008, of April 22<\/a>, of July 2nd, in its current wording<\/p>\n\t\t\t\t\t<\/div>\n\t\t\t\t<\/div>\n\t\t\t<\/div>\n\t\t\t\t\t\t<div class=\"faq-item\">\n\t\t\t\t<h4 class=\"faq-item-toggle\">\n\t\t\t\t\t<button type=\"button\" class=\"js-faq-toggle\" aria-controls=\"faq-panel-block_214a41881acefff674d94d6257e2bc23-d-2-11\" aria-expanded=\"false\" id=\"faq-btn-block_214a41881acefff674d94d6257e2bc23-d-2-11\">\n\t\t\t\t\t\tHow many votes are needed to elect the director?\t\t\t\t\t<\/button>\n\t\t\t\t<\/h4>\n\t\t\t\t<div class=\"faq-item-content\" id=\"faq-panel-block_214a41881acefff674d94d6257e2bc23-d-2-11\" role=\"region\" aria-labelledby=\"faq-btn-block_214a41881acefff674d94d6257e2bc23-d-2-11\" hidden>\n\t\t\t\t\t<div class=\"c-description\">\n\t\t\t\t\t\t<p>The candidate who obtains an absolute majority of the votes from the members of the General Council present at the meeting is considered elected as director.<\/p>\n<p>For example, if the General Council consists of 21 members and only 15 councilors were present at the meeting, the candidate who obtains at least eight votes is considered elected.<\/p>\n<p>It is the responsibility of the General Council to ensure compliance with the voting rules within the framework of the director election procedure.<\/p>\n<p>Legal basis: Article 23, paragraph 1, of <a href=\"https:\/\/diariodarepublica.pt\/dr\/detalhe\/decreto-lei\/75-2008-249866\">Decree-Law No. 75\/2008, of April 22<\/a>, in its current wording<\/p>\n\t\t\t\t\t<\/div>\n\t\t\t\t<\/div>\n\t\t\t<\/div>\n\t\t\t\t\t\t<div class=\"faq-item\">\n\t\t\t\t<h4 class=\"faq-item-toggle\">\n\t\t\t\t\t<button type=\"button\" class=\"js-faq-toggle\" aria-controls=\"faq-panel-block_214a41881acefff674d94d6257e2bc23-d-2-12\" aria-expanded=\"false\" id=\"faq-btn-block_214a41881acefff674d94d6257e2bc23-d-2-12\">\n\t\t\t\t\t\tWhen can the General Council decide on the reappointment of the Director?\t\t\t\t\t<\/button>\n\t\t\t\t<\/h4>\n\t\t\t\t<div class=\"faq-item-content\" id=\"faq-panel-block_214a41881acefff674d94d6257e2bc23-d-2-12\" role=\"region\" aria-labelledby=\"faq-btn-block_214a41881acefff674d94d6257e2bc23-d-2-12\" hidden>\n\t\t\t\t\t<div class=\"c-description\">\n\t\t\t\t\t\t<p>The General Council must decide, up to 60 days before the end of the Director&#039;s term, on their reappointment or on opening a competitive procedure with a view to holding a new election.<\/p>\n<p>Reappointment depends on an express decision by the General Council, approved by an absolute majority of the General Council members in office, regardless of the number of members present at the meeting (provided the legally required quorum is met).<\/p>\n<p>For example, in a General Council consisting of 21 members, the decision to reappoint requires 11 favorable votes.<\/p>\n<p>There is no second round of voting for the reappointment decision.<\/p>\n<p>Legal basis: Article 25, paragraphs 2 and 3 of <a href=\"https:\/\/diariodarepublica.pt\/dr\/detalhe\/decreto-lei\/75-2008-249866\">Decree-Law No. 75\/2008, of April 22<\/a>, in its current wording<\/p>\n\t\t\t\t\t<\/div>\n\t\t\t\t<\/div>\n\t\t\t<\/div>\n\t\t\t\t\t\t<div class=\"faq-item\">\n\t\t\t\t<h4 class=\"faq-item-toggle\">\n\t\t\t\t\t<button type=\"button\" class=\"js-faq-toggle\" aria-controls=\"faq-panel-block_214a41881acefff674d94d6257e2bc23-d-2-13\" aria-expanded=\"false\" id=\"faq-btn-block_214a41881acefff674d94d6257e2bc23-d-2-13\">\n\t\t\t\t\t\tWhat date should be considered for the purpose of calculating the term of office of the Director?\t\t\t\t\t<\/button>\n\t\t\t\t<\/h4>\n\t\t\t\t<div class=\"faq-item-content\" id=\"faq-panel-block_214a41881acefff674d94d6257e2bc23-d-2-13\" role=\"region\" aria-labelledby=\"faq-btn-block_214a41881acefff674d94d6257e2bc23-d-2-13\" hidden>\n\t\t\t\t\t<div class=\"c-description\">\n\t\t\t\t\t\t<p>The relevant date for calculating the term of office of the Director is the date of their taking office. The term of office is four years, starting from that date.<\/p>\n<p>Legal basis: Article 25, paragraph 1, of <a href=\"https:\/\/diariodarepublica.pt\/dr\/detalhe\/decreto-lei\/75-2008-249866\">Decree-Law No. 75\/2008, of April 22<\/a>, of July 2nd, in its current wording<\/p>\n\t\t\t\t\t<\/div>\n\t\t\t\t<\/div>\n\t\t\t<\/div>\n\t\t\t\t\t\t<div class=\"faq-item\">\n\t\t\t\t<h4 class=\"faq-item-toggle\">\n\t\t\t\t\t<button type=\"button\" class=\"js-faq-toggle\" aria-controls=\"faq-panel-block_214a41881acefff674d94d6257e2bc23-d-2-14\" aria-expanded=\"false\" id=\"faq-btn-block_214a41881acefff674d94d6257e2bc23-d-2-14\">\n\t\t\t\t\t\tWhat procedures should be followed if the competitive selection process is unsuccessful or if no candidate is elected?\t\t\t\t\t<\/button>\n\t\t\t\t<\/h4>\n\t\t\t\t<div class=\"faq-item-content\" id=\"faq-panel-block_214a41881acefff674d94d6257e2bc23-d-2-14\" role=\"region\" aria-labelledby=\"faq-btn-block_214a41881acefff674d94d6257e2bc23-d-2-14\" hidden>\n\t\t\t\t\t<div class=\"c-description\">\n\t\t\t\t\t\t<p>If no candidate obtains the number of votes required to be elected after the voting procedures outlined in the selection process, a new selection process must be opened to elect the director.<\/p>\n<p>When a competitive selection process is unsuccessful or it is not possible to conclude the election process, the situation may lead to the appointment, by the head of the competent services of the Ministry of Education, Science and Innovation, of a Provisional Administrative Commission, which ensures the administration and management of the school cluster or non-clustered school until the conclusion of a new competitive selection process.<\/p>\n<p>It is the responsibility of the General Council to initiate a new competitive selection process for the election of the director.<\/p>\n<p>Legal basis: Article 23, paragraphs 1, 2 and 3, and Article 66, paragraph 1, of <a href=\"https:\/\/diariodarepublica.pt\/dr\/detalhe\/decreto-lei\/75-2008-249866\">Decree-Law No. 75\/2008, of April 22<\/a>, in its current wording<\/p>\n\t\t\t\t\t<\/div>\n\t\t\t\t<\/div>\n\t\t\t<\/div>\n\t\t\t\t\t\t<div class=\"faq-item\">\n\t\t\t\t<h4 class=\"faq-item-toggle\">\n\t\t\t\t\t<button type=\"button\" class=\"js-faq-toggle\" aria-controls=\"faq-panel-block_214a41881acefff674d94d6257e2bc23-d-2-15\" aria-expanded=\"false\" id=\"faq-btn-block_214a41881acefff674d94d6257e2bc23-d-2-15\">\n\t\t\t\t\t\tWho confers office on the Director?\t\t\t\t\t<\/button>\n\t\t\t\t<\/h4>\n\t\t\t\t<div class=\"faq-item-content\" id=\"faq-panel-block_214a41881acefff674d94d6257e2bc23-d-2-15\" role=\"region\" aria-labelledby=\"faq-btn-block_214a41881acefff674d94d6257e2bc23-d-2-15\" hidden>\n\t\t\t\t\t<div class=\"c-description\">\n\t\t\t\t\t\t<p>The Director&#039;s inauguration is the formal act that marks the beginning of their term of office.<\/p>\n<p>The Director takes office before the General Council.<\/p>\n<p>The General Council is responsible for holding the inauguration ceremony and its formalization, within the scope of its operational and organizational powers.<\/p>\n<p>Legal basis: Article 24, paragraph 1, of <a href=\"https:\/\/diariodarepublica.pt\/dr\/detalhe\/decreto-lei\/75-2008-249866\">Decree-Law No. 75\/2008, of April 22<\/a>, in its current wording<\/p>\n\t\t\t\t\t<\/div>\n\t\t\t\t<\/div>\n\t\t\t<\/div>\n\t\t\t\t\t\t<div class=\"faq-item\">\n\t\t\t\t<h4 class=\"faq-item-toggle\">\n\t\t\t\t\t<button type=\"button\" class=\"js-faq-toggle\" aria-controls=\"faq-panel-block_214a41881acefff674d94d6257e2bc23-d-2-16\" aria-expanded=\"false\" id=\"faq-btn-block_214a41881acefff674d94d6257e2bc23-d-2-16\">\n\t\t\t\t\t\tWho is responsible for evaluating the Director&#039;s performance?\t\t\t\t\t<\/button>\n\t\t\t\t<\/h4>\n\t\t\t\t<div class=\"faq-item-content\" id=\"faq-panel-block_214a41881acefff674d94d6257e2bc23-d-2-16\" role=\"region\" aria-labelledby=\"faq-btn-block_214a41881acefff674d94d6257e2bc23-d-2-16\" hidden>\n\t\t\t\t\t<div class=\"c-description\">\n\t\t\t\t\t\t<p>The Director&#039;s performance evaluation is conducted through a process that integrates an internal component and an external component.<\/p>\n<p>The internal component is the responsibility of the General Council.<\/p>\n<p>The external component is based on the results of the external evaluation of the organizational unit carried out by the General Inspectorate of Education and Science (IGEC).<\/p>\n<p>The purpose of the evaluation is to assess the Director&#039;s performance in carrying out their administrative and management duties.<\/p>\n<p>Legal basis:<\/p>\n<ul>\n<li>articles article 3 and article 4 of <a href=\"https:\/\/diariodarepublica.pt\/dr\/detalhe\/portaria\/266-2012-174816\">Decree No. 266\/2012, of August 30<\/a>, in its current wording<\/li>\n<li>Article 2, <a href=\"https:\/\/diariodarepublica.pt\/dr\/detalhe\/decreto-regulamentar\/15-2012-543879\">Regulatory Decree No. 15\/2012, of January 27<\/a>.<\/li>\n<\/ul>\n\t\t\t\t\t<\/div>\n\t\t\t\t<\/div>\n\t\t\t<\/div>\n\t\t\t\t\t\t<div class=\"faq-item\">\n\t\t\t\t<h4 class=\"faq-item-toggle\">\n\t\t\t\t\t<button type=\"button\" class=\"js-faq-toggle\" aria-controls=\"faq-panel-block_214a41881acefff674d94d6257e2bc23-d-2-17\" aria-expanded=\"false\" id=\"faq-btn-block_214a41881acefff674d94d6257e2bc23-d-2-17\">\n\t\t\t\t\t\tWho substitutes for the Director during their absences or incapacity?\t\t\t\t\t<\/button>\n\t\t\t\t<\/h4>\n\t\t\t\t<div class=\"faq-item-content\" id=\"faq-panel-block_214a41881acefff674d94d6257e2bc23-d-2-17\" role=\"region\" aria-labelledby=\"faq-btn-block_214a41881acefff674d94d6257e2bc23-d-2-17\" hidden>\n\t\t\t\t\t<div class=\"c-description\">\n\t\t\t\t\t\t<p>In situations where the Director is absent or unable to serve, the Deputy Director will fill the role.<\/p>\n<p>This replacement ensures the continuity of the administration and management of the school cluster or non-clustered school.<\/p>\n<p>Legal basis: Article 20, paragraph 8, of <a href=\"https:\/\/diariodarepublica.pt\/dr\/detalhe\/decreto-lei\/75-2008-249866\">Decree-Law No. 75\/2008, of April 22<\/a>, in its current wording<\/p>\n\t\t\t\t\t<\/div>\n\t\t\t\t<\/div>\n\t\t\t<\/div>\n\t\t\t\t\t\t\t<\/div>\n\t\t\t<\/div>\n\t\t\t\t\t\t<div class=\"faq-tab-panel\" role=\"tabpanel\" id=\"faq-tabpanel-block_214a41881acefff674d94d6257e2bc23-d-3\" aria-labelledby=\"faq-tab-block_214a41881acefff674d94d6257e2bc23-d-3\" hidden>\n\t\t\t\t<div class=\"faq-controls\">\n\t\t\t\t\t<h3 class=\"title\">\n\t\t\t\t\t\tProvisional Administrative Commission (CAP)\t\t\t\t\t<\/h3>\n\t\t\t\t\t<button type=\"button\" class=\"js-faq-toggle-all c-button --outlined --black\" data-label-open=\"Abrir todas\" data-label-close=\"Fechar todas\" aria-expanded=\"false\">\n\t\t\t\t\t\tAbrir todas\t\t\t\t\t<\/button>\n\t\t\t\t<\/div>\n\t\t\t\t<div class=\"faq-accordion\">\n\t\t\t\t\t\t\t\t<div class=\"faq-item\">\n\t\t\t\t<h4 class=\"faq-item-toggle\">\n\t\t\t\t\t<button type=\"button\" class=\"js-faq-toggle\" aria-controls=\"faq-panel-block_214a41881acefff674d94d6257e2bc23-d-3-1\" aria-expanded=\"false\" id=\"faq-btn-block_214a41881acefff674d94d6257e2bc23-d-3-1\">\n\t\t\t\t\t\tWhen is a Provisional Administrative Committee (CAP) appointed?\t\t\t\t\t<\/button>\n\t\t\t\t<\/h4>\n\t\t\t\t<div class=\"faq-item-content\" id=\"faq-panel-block_214a41881acefff674d94d6257e2bc23-d-3-1\" role=\"region\" aria-labelledby=\"faq-btn-block_214a41881acefff674d94d6257e2bc23-d-3-1\" hidden>\n\t\t\t\t\t<div class=\"c-description\">\n\t\t\t\t\t\t<p>The Provisional Administrative Commission (CAP) is an exceptional mechanism designed to ensure the continuity of the administration and management of the organizational unit when it is not possible to establish or operate the governing, administrative and management bodies regularly.<\/p>\n<p>A CAP (Commission for the Evaluation of Public Administration) may be appointed in situations where the Director is absent or has ceased to be in office, and replacement is not possible under the legally established terms.<\/p>\n<p>Legal basis: Article 66 of <a href=\"https:\/\/diariodarepublica.pt\/dr\/detalhe\/decreto-lei\/75-2008-249866\">Decree-Law No. 75\/2008, of April 22<\/a>, in its current wording<\/p>\n\t\t\t\t\t<\/div>\n\t\t\t\t<\/div>\n\t\t\t<\/div>\n\t\t\t\t\t\t\t<\/div>\n\t\t\t<\/div>\n\t\t\t\t\t\t\t\t<\/div>\n\t\t\t\t<\/div>\n\t\t\t<\/div>\n\t\t<\/section>","protected":false},"excerpt":{"rendered":"","protected":false},"author":15,"featured_media":0,"parent":5095,"menu_order":0,"comment_status":"closed","ping_status":"closed","template":"","meta":{"_acf_changed":false,"footnotes":""},"class_list":["post-5517","page","type-page","status-publish","hentry"],"acf":[],"yoast_head":"<!-- This site is optimized with the Yoast SEO plugin v27.4 - https:\/\/yoast.com\/product\/yoast-seo-wordpress\/ -->\n<title>Apoio aos \u00d3rg\u00e3os de Administra\u00e7\u00e3o e Gest\u00e3o - AGSE<\/title>\n<meta name=\"robots\" content=\"index, follow, max-snippet:-1, max-image-preview:large, max-video-preview:-1\" \/>\n<link rel=\"canonical\" href=\"https:\/\/agse.pt\/en\/perguntas-frequentes\/apoio-aos-orgaos-de-administracao-e-gestao\/\" \/>\n<meta property=\"og:locale\" content=\"en_GB\" \/>\n<meta property=\"og:type\" content=\"article\" \/>\n<meta property=\"og:title\" content=\"Apoio aos \u00d3rg\u00e3os de Administra\u00e7\u00e3o e Gest\u00e3o - AGSE\" \/>\n<meta property=\"og:url\" content=\"https:\/\/agse.pt\/en\/perguntas-frequentes\/apoio-aos-orgaos-de-administracao-e-gestao\/\" \/>\n<meta property=\"og:site_name\" content=\"AGSE\" \/>\n<meta property=\"article:modified_time\" content=\"2026-04-15T16:59:44+00:00\" \/>\n<meta name=\"twitter:card\" content=\"summary_large_image\" \/>\n<script type=\"application\/ld+json\" class=\"yoast-schema-graph\">{\"@context\":\"https:\\\/\\\/schema.org\",\"@graph\":[{\"@type\":\"WebPage\",\"@id\":\"https:\\\/\\\/agse.pt\\\/perguntas-frequentes\\\/apoio-aos-orgaos-de-administracao-e-gestao\\\/\",\"url\":\"https:\\\/\\\/agse.pt\\\/perguntas-frequentes\\\/apoio-aos-orgaos-de-administracao-e-gestao\\\/\",\"name\":\"Apoio aos \u00d3rg\u00e3os de Administra\u00e7\u00e3o e Gest\u00e3o - AGSE\",\"isPartOf\":{\"@id\":\"https:\\\/\\\/site1.dev.fccn.pt\\\/#website\"},\"datePublished\":\"2026-04-15T16:55:59+00:00\",\"dateModified\":\"2026-04-15T16:59:44+00:00\",\"breadcrumb\":{\"@id\":\"https:\\\/\\\/agse.pt\\\/perguntas-frequentes\\\/apoio-aos-orgaos-de-administracao-e-gestao\\\/#breadcrumb\"},\"inLanguage\":\"en-GB\",\"potentialAction\":[{\"@type\":\"ReadAction\",\"target\":[\"https:\\\/\\\/agse.pt\\\/perguntas-frequentes\\\/apoio-aos-orgaos-de-administracao-e-gestao\\\/\"]}]},{\"@type\":\"BreadcrumbList\",\"@id\":\"https:\\\/\\\/agse.pt\\\/perguntas-frequentes\\\/apoio-aos-orgaos-de-administracao-e-gestao\\\/#breadcrumb\",\"itemListElement\":[{\"@type\":\"ListItem\",\"position\":1,\"name\":\"Home\",\"item\":\"https:\\\/\\\/agse.pt\\\/\"},{\"@type\":\"ListItem\",\"position\":2,\"name\":\"Perguntas Frequentes\",\"item\":\"https:\\\/\\\/agse.pt\\\/perguntas-frequentes\\\/\"},{\"@type\":\"ListItem\",\"position\":3,\"name\":\"Apoio aos \u00d3rg\u00e3os de Administra\u00e7\u00e3o e Gest\u00e3o\"}]},{\"@type\":\"WebSite\",\"@id\":\"https:\\\/\\\/site1.dev.fccn.pt\\\/#website\",\"url\":\"https:\\\/\\\/site1.dev.fccn.pt\\\/\",\"name\":\"AGSE\",\"description\":\"Ag\u00eancia para a Gest\u00e3o do Sistema Educativo\",\"potentialAction\":[{\"@type\":\"SearchAction\",\"target\":{\"@type\":\"EntryPoint\",\"urlTemplate\":\"https:\\\/\\\/site1.dev.fccn.pt\\\/?s={search_term_string}\"},\"query-input\":{\"@type\":\"PropertyValueSpecification\",\"valueRequired\":true,\"valueName\":\"search_term_string\"}}],\"inLanguage\":\"en-GB\"}]}<\/script>\n<!-- \/ Yoast SEO plugin. -->","yoast_head_json":{"title":"Apoio aos \u00d3rg\u00e3os de Administra\u00e7\u00e3o e Gest\u00e3o - AGSE","robots":{"index":"index","follow":"follow","max-snippet":"max-snippet:-1","max-image-preview":"max-image-preview:large","max-video-preview":"max-video-preview:-1"},"canonical":"https:\/\/agse.pt\/en\/perguntas-frequentes\/apoio-aos-orgaos-de-administracao-e-gestao\/","og_locale":"en_GB","og_type":"article","og_title":"Apoio aos \u00d3rg\u00e3os de Administra\u00e7\u00e3o e Gest\u00e3o - AGSE","og_url":"https:\/\/agse.pt\/en\/perguntas-frequentes\/apoio-aos-orgaos-de-administracao-e-gestao\/","og_site_name":"AGSE","article_modified_time":"2026-04-15T16:59:44+00:00","twitter_card":"summary_large_image","schema":{"@context":"https:\/\/schema.org","@graph":[{"@type":"WebPage","@id":"https:\/\/agse.pt\/perguntas-frequentes\/apoio-aos-orgaos-de-administracao-e-gestao\/","url":"https:\/\/agse.pt\/perguntas-frequentes\/apoio-aos-orgaos-de-administracao-e-gestao\/","name":"Apoio aos \u00d3rg\u00e3os de Administra\u00e7\u00e3o e Gest\u00e3o - AGSE","isPartOf":{"@id":"https:\/\/site1.dev.fccn.pt\/#website"},"datePublished":"2026-04-15T16:55:59+00:00","dateModified":"2026-04-15T16:59:44+00:00","breadcrumb":{"@id":"https:\/\/agse.pt\/perguntas-frequentes\/apoio-aos-orgaos-de-administracao-e-gestao\/#breadcrumb"},"inLanguage":"en-GB","potentialAction":[{"@type":"ReadAction","target":["https:\/\/agse.pt\/perguntas-frequentes\/apoio-aos-orgaos-de-administracao-e-gestao\/"]}]},{"@type":"BreadcrumbList","@id":"https:\/\/agse.pt\/perguntas-frequentes\/apoio-aos-orgaos-de-administracao-e-gestao\/#breadcrumb","itemListElement":[{"@type":"ListItem","position":1,"name":"Home","item":"https:\/\/agse.pt\/"},{"@type":"ListItem","position":2,"name":"Perguntas Frequentes","item":"https:\/\/agse.pt\/perguntas-frequentes\/"},{"@type":"ListItem","position":3,"name":"Apoio aos \u00d3rg\u00e3os de Administra\u00e7\u00e3o e Gest\u00e3o"}]},{"@type":"WebSite","@id":"https:\/\/site1.dev.fccn.pt\/#website","url":"https:\/\/site1.dev.fccn.pt\/","name":"AGSE","description":"Agency for the Management of the Education System","potentialAction":[{"@type":"SearchAction","target":{"@type":"EntryPoint","urlTemplate":"https:\/\/site1.dev.fccn.pt\/?s={search_term_string}"},"query-input":{"@type":"PropertyValueSpecification","valueRequired":true,"valueName":"search_term_string"}}],"inLanguage":"en-GB"}]}},"_links":{"self":[{"href":"https:\/\/agse.pt\/en\/wp-json\/wp\/v2\/pages\/5517","targetHints":{"allow":["GET"]}}],"collection":[{"href":"https:\/\/agse.pt\/en\/wp-json\/wp\/v2\/pages"}],"about":[{"href":"https:\/\/agse.pt\/en\/wp-json\/wp\/v2\/types\/page"}],"author":[{"embeddable":true,"href":"https:\/\/agse.pt\/en\/wp-json\/wp\/v2\/users\/15"}],"replies":[{"embeddable":true,"href":"https:\/\/agse.pt\/en\/wp-json\/wp\/v2\/comments?post=5517"}],"version-history":[{"count":1,"href":"https:\/\/agse.pt\/en\/wp-json\/wp\/v2\/pages\/5517\/revisions"}],"predecessor-version":[{"id":5518,"href":"https:\/\/agse.pt\/en\/wp-json\/wp\/v2\/pages\/5517\/revisions\/5518"}],"up":[{"embeddable":true,"href":"https:\/\/agse.pt\/en\/wp-json\/wp\/v2\/pages\/5095"}],"wp:attachment":[{"href":"https:\/\/agse.pt\/en\/wp-json\/wp\/v2\/media?parent=5517"}],"curies":[{"name":"wp","href":"https:\/\/api.w.org\/{rel}","templated":true}]}}