{"id":5814,"date":"2026-04-21T15:48:38","date_gmt":"2026-04-21T15:48:38","guid":{"rendered":"https:\/\/agse.pt\/?page_id=5814"},"modified":"2026-04-21T15:50:47","modified_gmt":"2026-04-21T15:50:47","slug":"vagas-encerradas","status":"publish","type":"page","link":"https:\/\/agse.pt\/en\/recrutamento\/vagas-encerradas\/","title":{"rendered":"Positions closed."},"content":{"rendered":"\t\t\t\t<section id=block_284e0617b633d32c5394da37fd50fa7b class=\"content-block b-news --bg-white\">\n\n\t\t\t<div class=\"c-section-intro --align-center\">\n\t<div class=\"container\">\n\t\t\t\t\t\t\t<h2 class=\"headline-1\">Vagas encerradas<\/h2>\t\t\t\t\t\t\t<div class=\"text c-description\"><p>Consulte as vagas de emprego j\u00e1 encerradas no \u00e2mbito da AGSE e da FCCN Educa\u00e7\u00e3o. Esta informa\u00e7\u00e3o \u00e9 disponibilizada para efeitos de consulta e transpar\u00eancia.<\/p>\n<\/div>\t<\/div>\n<\/div>\n\n\t\t\t\n\t\t\t\t\t\t\t<div class=\"container\">\n\t\t\t\t\t<div class=\"news-list\">\n\t\t\t\t\t\t\t\t\t\t\t\t\t<div class=\"c-news-item\">\n\t<div id=\"TranslatedTitle\" style=\"display: none;\">\n\t\t&lt;span data-no-translation&gt;T\u00e9cnico\/a Superior \u2013 Departamento de Concursos e Mobilidade de Docentes e T\u00e9cnicos&lt;\/span&gt;\t<\/div>\n\n\t\n\t\t\t<div class=\"image\"><img loading=\"lazy\" decoding=\"async\" width=\"600\" height=\"396\" src=\"https:\/\/agse.pt\/wp-content\/uploads\/2026\/03\/Imagens-AGSE-1687x1108px-25-600x396.png\" class=\"attachment-card-thumb size-card-thumb\" alt=\"Imagens AGSE 1687x1108px (25)\" srcset=\"https:\/\/agse.pt\/wp-content\/uploads\/2026\/03\/Imagens-AGSE-1687x1108px-25-600x396.png 600w, https:\/\/agse.pt\/wp-content\/uploads\/2026\/03\/Imagens-AGSE-1687x1108px-25-300x197.png 300w, https:\/\/agse.pt\/wp-content\/uploads\/2026\/03\/Imagens-AGSE-1687x1108px-25-18x12.png 18w\" sizes=\"auto, (max-width: 600px) 100vw, 600px\" \/><\/div>\t<div class=\"info\">\n\t\t\t\t<span class=\"date\">13 Mar 2026<\/span>\n\t\t<h3 class=\"title\"><span>T\u00e9cnico\/a Superior \u2013 Departamento de Concursos e Mobilidade de Docentes e T\u00e9cnicos<\/span><\/h3>\t\t\t\t\t<div class=\"c-description\">\n\t\t\t\t<p>C\u00f3digo BEP: OE202603\/0475 Tipo de procedimento: Mobilidade na Categoria Carreira \/ Categoria:\u00a0T\u00e9cnico Superior N.\u00ba de postos de trabalho: 3 Local de trabalho:\u00a0Lisboa Per\u00edodo de candidatura: 12 de mar\u00e7o de 2026 a 26 de mar\u00e7o de 2026 Enquadramento A Ag\u00eancia para a Gest\u00e3o do Sistema Educativo, I. P. (AGSE, I. P.) promove procedimento de mobilidade interna [&hellip;]<\/p>\t\t\t<\/div>\n\t\t\t\t\t\t<div class=\"btn-wrapper\"><a href=\"https:\/\/agse.pt\/en\/tecnico-a-superior-departamento-de-concursos-e-mobilidade-de-docentes-e-tecnicos\/\" class=\"c-icon-button\" title=\"Ir para T\u00e9cnico\/a Superior \u2013 Departamento de Concursos e Mobilidade de Docentes e T\u00e9cnicos\"><i class=\"icon-material\" aria-hidden=\"true\" data-icon=\"arrow_forward\"><\/i><\/a><\/div>\n\t<\/div>\n<\/div>\n\t\t\t\t\t\t\t\t\t\t\t\t\t<div class=\"c-news-item\">\n\t<div id=\"TranslatedTitle\" style=\"display: none;\">\n\t\t&lt;span data-no-translation&gt;T\u00e9cnico\/a Superior &#8211; Unidade do Sistema Integrado de Gest\u00e3o&lt;\/span&gt;\t<\/div>\n\n\t\n\t\t\t<div class=\"image\"><img loading=\"lazy\" decoding=\"async\" width=\"600\" height=\"396\" src=\"https:\/\/agse.pt\/wp-content\/uploads\/2026\/03\/BEP-0883-600x396.jpg\" class=\"attachment-card-thumb size-card-thumb\" alt=\"Imagem com fundo branco e gr\u00e1ficos geom\u00e9tricos em azul e verde no canto superior direito. O log\u00f3tipo \u201cAGSE\u201d surge no topo. \u00c0 esquerda est\u00e1 o texto \u201cT\u00e9cnico\/a Superior \u2013 Unidade do Sistema Integrado de Gest\u00e3o\u201d.\" srcset=\"https:\/\/agse.pt\/wp-content\/uploads\/2026\/03\/BEP-0883-600x396.jpg 600w, https:\/\/agse.pt\/wp-content\/uploads\/2026\/03\/BEP-0883-300x197.jpg 300w, https:\/\/agse.pt\/wp-content\/uploads\/2026\/03\/BEP-0883-18x12.jpg 18w\" sizes=\"auto, (max-width: 600px) 100vw, 600px\" \/><\/div>\t<div class=\"info\">\n\t\t\t\t<span class=\"date\">02 Mar 2026<\/span>\n\t\t<h3 class=\"title\"><span>T\u00e9cnico\/a Superior &#8211; Unidade do Sistema Integrado de Gest\u00e3o<\/span><\/h3>\t\t\t\t\t<div class=\"c-description\">\n\t\t\t\t<p>C\u00f3digo BEP: OE202602\/0883 Tipo de procedimento: Mobilidade Interna Carreira \/ Categoria: T\u00e9cnico Superior N.\u00ba de postos de trabalho: 1 Local de trabalho: Lisboa Per\u00edodo de candidatura: 27 de fevereiro de 2026 a 13 de mar\u00e7o de 2026 Enquadramento A Ag\u00eancia para a Gest\u00e3o do Sistema Educativo, I. P. (AGSE, I. P.) promove procedimento de mobilidade [&hellip;]<\/p>\t\t\t<\/div>\n\t\t\t\t\t\t<div class=\"btn-wrapper\"><a href=\"https:\/\/agse.pt\/en\/tecnico-a-superior-unidade-do-sistema-integrado-de-gestao\/\" class=\"c-icon-button\" title=\"Ir para T\u00e9cnico\/a Superior &#8211; Unidade do Sistema Integrado de Gest\u00e3o\"><i class=\"icon-material\" aria-hidden=\"true\" data-icon=\"arrow_forward\"><\/i><\/a><\/div>\n\t<\/div>\n<\/div>\n\t\t\t\t\t\t\t\t\t\t\t\t\t<div class=\"c-news-item\">\n\t<div id=\"TranslatedTitle\" style=\"display: none;\">\n\t\t&lt;span data-no-translation&gt;T\u00e9cnico\/a Superior \u2013 Unidade de Planeamento Organizacional&lt;\/span&gt;\t<\/div>\n\n\t\n\t\t\t<div class=\"image\"><img loading=\"lazy\" decoding=\"async\" width=\"600\" height=\"396\" src=\"https:\/\/agse.pt\/wp-content\/uploads\/2026\/03\/BEP-0878-600x396.png\" class=\"attachment-card-thumb size-card-thumb\" alt=\"BEP 0878\" srcset=\"https:\/\/agse.pt\/wp-content\/uploads\/2026\/03\/BEP-0878-600x396.png 600w, https:\/\/agse.pt\/wp-content\/uploads\/2026\/03\/BEP-0878-300x197.png 300w, https:\/\/agse.pt\/wp-content\/uploads\/2026\/03\/BEP-0878-18x12.png 18w\" sizes=\"auto, (max-width: 600px) 100vw, 600px\" \/><\/div>\t<div class=\"info\">\n\t\t\t\t<span class=\"date\">02 Mar 2026<\/span>\n\t\t<h3 class=\"title\"><span>T\u00e9cnico\/a Superior \u2013 Unidade de Planeamento Organizacional<\/span><\/h3>\t\t\t\t\t<div class=\"c-description\">\n\t\t\t\t<p>C\u00f3digo BEP: OE202602\/0878\u00a0Tipo de procedimento:\u00a0Recrutamento por mobilidade na categoriaEntidade:\u00a0Ag\u00eancia para a Gest\u00e3o do Sistema Educativo (AGSE) \u2013 Ag\u00eancia para a Gest\u00e3o do Sistema Educativo, I. P.Per\u00edodo de candidatura:\u00a027 de fevereiro de 2026 a 13 de mar\u00e7o de 2026 Enquadramento A Ag\u00eancia para a Gest\u00e3o do Sistema Educativo, I. P. (AGSE, I. P.) promove procedimento de [&hellip;]<\/p>\t\t\t<\/div>\n\t\t\t\t\t\t<div class=\"btn-wrapper\"><a href=\"https:\/\/agse.pt\/en\/tecnico-a-superior-unidade-de-planeamento-organizacional-2\/\" class=\"c-icon-button\" title=\"Ir para T\u00e9cnico\/a Superior \u2013 Unidade de Planeamento Organizacional\"><i class=\"icon-material\" aria-hidden=\"true\" data-icon=\"arrow_forward\"><\/i><\/a><\/div>\n\t<\/div>\n<\/div>\n\t\t\t\t\t\t\t\t\t\t\t\t\t<div class=\"c-news-item\">\n\t<div id=\"TranslatedTitle\" style=\"display: none;\">\n\t\t&lt;span data-no-translation&gt;T\u00e9cnico\/a Superior \u2013 Unidade de Auditoria Financeira e Patrimonial&lt;\/span&gt;\t<\/div>\n\n\t\n\t\t\t<div class=\"image\"><img loading=\"lazy\" decoding=\"async\" width=\"600\" height=\"396\" src=\"https:\/\/agse.pt\/wp-content\/uploads\/2026\/03\/BEP-0877-600x396.png\" class=\"attachment-card-thumb size-card-thumb\" alt=\"BEP 0877\" srcset=\"https:\/\/agse.pt\/wp-content\/uploads\/2026\/03\/BEP-0877-600x396.png 600w, https:\/\/agse.pt\/wp-content\/uploads\/2026\/03\/BEP-0877-300x197.png 300w, https:\/\/agse.pt\/wp-content\/uploads\/2026\/03\/BEP-0877-18x12.png 18w\" sizes=\"auto, (max-width: 600px) 100vw, 600px\" \/><\/div>\t<div class=\"info\">\n\t\t\t\t<span class=\"date\">02 Mar 2026<\/span>\n\t\t<h3 class=\"title\"><span>T\u00e9cnico\/a Superior \u2013 Unidade de Auditoria Financeira e Patrimonial<\/span><\/h3>\t\t\t\t\t<div class=\"c-description\">\n\t\t\t\t<p>C\u00f3digo BEP: OE202602\/0877\u00a0Tipo de procedimento:\u00a0Recrutamento por mobilidade na categoriaEntidade:\u00a0Ag\u00eancia para a Gest\u00e3o do Sistema Educativo (AGSE) \u2013 Ag\u00eancia para a Gest\u00e3o do Sistema Educativo, I. P.Per\u00edodo de candidatura: 27 de fevereiro de 2026 a 13 de mar\u00e7o de 2026 Enquadramento A Ag\u00eancia para a Gest\u00e3o do Sistema Educativo, I. P. (AGSE, I. P.) promove procedimento [&hellip;]<\/p>\t\t\t<\/div>\n\t\t\t\t\t\t<div class=\"btn-wrapper\"><a href=\"https:\/\/agse.pt\/en\/tecnico-a-superior-unidade-de-auditoria-financeira-e-patrimonial\/\" class=\"c-icon-button\" title=\"Ir para T\u00e9cnico\/a Superior \u2013 Unidade de Auditoria Financeira e Patrimonial\"><i class=\"icon-material\" aria-hidden=\"true\" data-icon=\"arrow_forward\"><\/i><\/a><\/div>\n\t<\/div>\n<\/div>\n\t\t\t\t\t\t\t\t\t\t\t\t\t<div class=\"c-news-item\">\n\t<div id=\"TranslatedTitle\" style=\"display: none;\">\n\t\t&lt;span data-no-translation&gt;T\u00e9cnico\/a Superior &#8211; Unidade de Planeamento Organizacional&lt;\/span&gt;\t<\/div>\n\n\t\n\t\t\t<div class=\"image\"><img loading=\"lazy\" decoding=\"async\" width=\"600\" height=\"396\" src=\"https:\/\/agse.pt\/wp-content\/uploads\/2026\/03\/BEP-0879-600x396.png\" class=\"attachment-card-thumb size-card-thumb\" alt=\"Imagem com fundo branco e formas geom\u00e9tricas em azul e verde no canto superior direito. No topo est\u00e1 o log\u00f3tipo \u201cAGSE\u201d. \u00c0 esquerda aparece o texto \u201cT\u00e9cnico\/a Superior \u2013 Unidade de Planeamento Organizacional\u201d\" srcset=\"https:\/\/agse.pt\/wp-content\/uploads\/2026\/03\/BEP-0879-600x396.png 600w, https:\/\/agse.pt\/wp-content\/uploads\/2026\/03\/BEP-0879-300x197.png 300w, https:\/\/agse.pt\/wp-content\/uploads\/2026\/03\/BEP-0879-18x12.png 18w\" sizes=\"auto, (max-width: 600px) 100vw, 600px\" \/><\/div>\t<div class=\"info\">\n\t\t\t\t<span class=\"date\">02 Mar 2026<\/span>\n\t\t<h3 class=\"title\"><span>T\u00e9cnico\/a Superior &#8211; Unidade de Planeamento Organizacional<\/span><\/h3>\t\t\t\t\t<div class=\"c-description\">\n\t\t\t\t<p>C\u00f3digo BEP: OE202602\/0879 Tipo de procedimento: Mobilidade Interna Carreira \/ Categoria: T\u00e9cnico Superior N.\u00ba de postos de trabalho: 1 Local de trabalho: Lisboa Per\u00edodo de candidatura: 27 de fevereiro de 2026 a 13 de mar\u00e7o de 2026 Enquadramento A Ag\u00eancia para a Gest\u00e3o do Sistema Educativo, I. P. (AGSE, I. P.) promove procedimento de mobilidade [&hellip;]<\/p>\t\t\t<\/div>\n\t\t\t\t\t\t<div class=\"btn-wrapper\"><a href=\"https:\/\/agse.pt\/en\/tecnico-a-superior-unidade-de-planeamento-organizacional-3\/\" class=\"c-icon-button\" title=\"Ir para T\u00e9cnico\/a Superior &#8211; Unidade de Planeamento Organizacional\"><i class=\"icon-material\" aria-hidden=\"true\" data-icon=\"arrow_forward\"><\/i><\/a><\/div>\n\t<\/div>\n<\/div>\n\t\t\t\t\t\t\t\t\t\t\t\t\t<div class=\"c-news-item\">\n\t<div id=\"TranslatedTitle\" style=\"display: none;\">\n\t\t&lt;span data-no-translation&gt;T\u00e9cnico\/a Superior \u2013 Unidade de Planeamento Or\u00e7amental&lt;\/span&gt;\t<\/div>\n\n\t\n\t\t\t<div class=\"image\"><img loading=\"lazy\" decoding=\"async\" width=\"600\" height=\"396\" src=\"https:\/\/agse.pt\/wp-content\/uploads\/2026\/02\/Imagens-AGSE-1687x1108px-12-600x396.png\" class=\"attachment-card-thumb size-card-thumb\" alt=\"Imagens AGSE 1687x1108px (12)\" srcset=\"https:\/\/agse.pt\/wp-content\/uploads\/2026\/02\/Imagens-AGSE-1687x1108px-12-600x396.png 600w, https:\/\/agse.pt\/wp-content\/uploads\/2026\/02\/Imagens-AGSE-1687x1108px-12-300x197.png 300w, https:\/\/agse.pt\/wp-content\/uploads\/2026\/02\/Imagens-AGSE-1687x1108px-12-18x12.png 18w\" sizes=\"auto, (max-width: 600px) 100vw, 600px\" \/><\/div>\t<div class=\"info\">\n\t\t\t\t<span class=\"date\">25 Feb 2026<\/span>\n\t\t<h3 class=\"title\"><span>T\u00e9cnico\/a Superior \u2013 Unidade de Planeamento Or\u00e7amental<\/span><\/h3>\t\t\t\t\t<div class=\"c-description\">\n\t\t\t\t<p>C\u00f3digo BEP: OE202602\/0736Tipo de procedimento:\u00a0Recrutamento por mobilidade na categoriaEntidade:\u00a0Ag\u00eancia para a Gest\u00e3o do Sistema Educativo (AGSE) \u2013 Ag\u00eancia para a Gest\u00e3o do Sistema Educativo, I. P.Per\u00edodo de candidatura: 25 de fevereiro de 2026 a 11 de mar\u00e7o de 2026 Enquadramento A Ag\u00eancia para a Gest\u00e3o do Sistema Educativo, I. P. (AGSE, I. P.) promove procedimento [&hellip;]<\/p>\t\t\t<\/div>\n\t\t\t\t\t\t<div class=\"btn-wrapper\"><a href=\"https:\/\/agse.pt\/en\/tecnico-a-superior-unidade-de-planeamento-orcamental\/\" class=\"c-icon-button\" title=\"Ir para T\u00e9cnico\/a Superior \u2013 Unidade de Planeamento Or\u00e7amental\"><i class=\"icon-material\" aria-hidden=\"true\" data-icon=\"arrow_forward\"><\/i><\/a><\/div>\n\t<\/div>\n<\/div>\n\t\t\t\t\t\t\t\t\t\t\t\t\t<div class=\"c-news-item\">\n\t<div id=\"TranslatedTitle\" style=\"display: none;\">\n\t\t&lt;span data-no-translation&gt;T\u00e9cnico\/a Superior &#8211; Software Tester&lt;\/span&gt;\t<\/div>\n\n\t\n\t\t\t<div class=\"image\"><img loading=\"lazy\" decoding=\"async\" width=\"600\" height=\"396\" src=\"https:\/\/agse.pt\/wp-content\/uploads\/2026\/02\/Imagens-AGSE-1687x1108px-10-600x396.png\" class=\"attachment-card-thumb size-card-thumb\" alt=\"Imagem institucional da AGSE com fundo branco, azul\u2011escuro e verde. \u00c0 esquerda surge o texto \u201cT\u00e9cnico\/a Superior \u2013 Equipa Disciplinar de Apoio aos Sistemas de Informa\u00e7\u00e3o\u201d. No canto superior direito aparece o log\u00f3tipo da AGSE.\" srcset=\"https:\/\/agse.pt\/wp-content\/uploads\/2026\/02\/Imagens-AGSE-1687x1108px-10-600x396.png 600w, https:\/\/agse.pt\/wp-content\/uploads\/2026\/02\/Imagens-AGSE-1687x1108px-10-300x197.png 300w, https:\/\/agse.pt\/wp-content\/uploads\/2026\/02\/Imagens-AGSE-1687x1108px-10-18x12.png 18w\" sizes=\"auto, (max-width: 600px) 100vw, 600px\" \/><\/div>\t<div class=\"info\">\n\t\t\t\t<span class=\"date\">24 Feb 2026<\/span>\n\t\t<h3 class=\"title\"><span>T\u00e9cnico\/a Superior &#8211; Software Tester<\/span><\/h3>\t\t\t\t\t<div class=\"c-description\">\n\t\t\t\t<p>C\u00f3digo BEP: OE202602\/0673\u00a0Tipo de procedimento: Mobilidade na categoriaCarreira \/ Categoria: T\u00e9cnico SuperiorN.\u00ba de postos de trabalho: 1Local de trabalho: LisboaPer\u00edodo de candidatura: 23 de fevereiro de 2026 a 9 de mar\u00e7o de 2026 Enquadramento A Ag\u00eancia para a Gest\u00e3o do Sistema Educativo, I. P. (AGSE, I. P.) promove procedimento de mobilidade na categoria para o [&hellip;]<\/p>\t\t\t<\/div>\n\t\t\t\t\t\t<div class=\"btn-wrapper\"><a href=\"https:\/\/agse.pt\/en\/tecnico-a-superior-software-tester\/\" class=\"c-icon-button\" title=\"Ir para T\u00e9cnico\/a Superior &#8211; Software Tester\"><i class=\"icon-material\" aria-hidden=\"true\" data-icon=\"arrow_forward\"><\/i><\/a><\/div>\n\t<\/div>\n<\/div>\n\t\t\t\t\t\t\t\t\t\t\t\t\t<div class=\"c-news-item\">\n\t<div id=\"TranslatedTitle\" style=\"display: none;\">\n\t\t&lt;span data-no-translation&gt;T\u00e9cnico\/a Superior &#8211; Product Owner&lt;\/span&gt;\t<\/div>\n\n\t\n\t\t\t<div class=\"image\"><img loading=\"lazy\" decoding=\"async\" width=\"600\" height=\"396\" src=\"https:\/\/agse.pt\/wp-content\/uploads\/2026\/02\/Imagens-AGSE-1687x1108px-10-600x396.png\" class=\"attachment-card-thumb size-card-thumb\" alt=\"Imagem institucional da AGSE com fundo branco, azul\u2011escuro e verde. \u00c0 esquerda surge o texto \u201cT\u00e9cnico\/a Superior \u2013 Equipa Disciplinar de Apoio aos Sistemas de Informa\u00e7\u00e3o\u201d. No canto superior direito aparece o log\u00f3tipo da AGSE.\" srcset=\"https:\/\/agse.pt\/wp-content\/uploads\/2026\/02\/Imagens-AGSE-1687x1108px-10-600x396.png 600w, https:\/\/agse.pt\/wp-content\/uploads\/2026\/02\/Imagens-AGSE-1687x1108px-10-300x197.png 300w, https:\/\/agse.pt\/wp-content\/uploads\/2026\/02\/Imagens-AGSE-1687x1108px-10-18x12.png 18w\" sizes=\"auto, (max-width: 600px) 100vw, 600px\" \/><\/div>\t<div class=\"info\">\n\t\t\t\t<span class=\"date\">24 Feb 2026<\/span>\n\t\t<h3 class=\"title\"><span>T\u00e9cnico\/a Superior &#8211; Product Owner<\/span><\/h3>\t\t\t\t\t<div class=\"c-description\">\n\t\t\t\t<p>Unidade FCCN \u2013 Servi\u00e7os Digitais da Educa\u00e7\u00e3o C\u00f3digo BEP: OE202602\/0672 Tipo de procedimento: Mobilidade Interna Carreira \/ Categoria: T\u00e9cnico Superior N.\u00ba de postos de trabalho: 1 Local de trabalho: Lisboa Per\u00edodo de candidatura: 23 de fevereiro de 2026 a 9 de mar\u00e7o de 2026 Enquadramento A Ag\u00eancia para a Gest\u00e3o do Sistema Educativo, I. P. [&hellip;]<\/p>\t\t\t<\/div>\n\t\t\t\t\t\t<div class=\"btn-wrapper\"><a href=\"https:\/\/agse.pt\/en\/tecnico-a-superior-product-owner\/\" class=\"c-icon-button\" title=\"Ir para T\u00e9cnico\/a Superior &#8211; Product Owner\"><i class=\"icon-material\" aria-hidden=\"true\" data-icon=\"arrow_forward\"><\/i><\/a><\/div>\n\t<\/div>\n<\/div>\n\t\t\t\t\t\t\t\t\t\t\t\t\t<div class=\"c-news-item\">\n\t<div id=\"TranslatedTitle\" style=\"display: none;\">\n\t\t&lt;span data-no-translation&gt;T\u00e9cnico\/a Superior &#8211; Unidade de Aquisi\u00e7\u00f5es&lt;\/span&gt;\t<\/div>\n\n\t\n\t\t\t<div class=\"image\"><img loading=\"lazy\" decoding=\"async\" width=\"600\" height=\"396\" src=\"https:\/\/agse.pt\/wp-content\/uploads\/2026\/02\/Imagens-AGSE-1687x1108px-3-1-600x396.png\" class=\"attachment-card-thumb size-card-thumb\" alt=\"Imagem gr\u00e1fica com fundo branco e azul\u2011escuro, apresentando o log\u00f3tipo \u201cAGSE\u201d no canto superior direito. Ao centro l\u00ea\u2011se o texto: \u201cT\u00e9cnico\/a Superior \u2013 Unidade de Aquisi\u00e7\u00f5es\u201d. O design inclui formas geom\u00e9tricas em tons de azul e verde no lado direito.\" srcset=\"https:\/\/agse.pt\/wp-content\/uploads\/2026\/02\/Imagens-AGSE-1687x1108px-3-1-600x396.png 600w, https:\/\/agse.pt\/wp-content\/uploads\/2026\/02\/Imagens-AGSE-1687x1108px-3-1-300x197.png 300w, https:\/\/agse.pt\/wp-content\/uploads\/2026\/02\/Imagens-AGSE-1687x1108px-3-1-18x12.png 18w\" sizes=\"auto, (max-width: 600px) 100vw, 600px\" \/><\/div>\t<div class=\"info\">\n\t\t\t\t<span class=\"date\">19 Feb 2026<\/span>\n\t\t<h3 class=\"title\"><span>T\u00e9cnico\/a Superior &#8211; Unidade de Aquisi\u00e7\u00f5es<\/span><\/h3>\t\t\t\t\t<div class=\"c-description\">\n\t\t\t\t<p>C\u00f3digo BEP: OE202602\/0571\u00a0Tipo de procedimento: Recrutamento por mobilidade na categoriaEntidade: AGSE &#8211; Ag\u00eancia para a Gest\u00e3o do Sistema Educativo, I. P.Per\u00edodo de candidatura: 19 de fevereiro de 2026 a 5 de mar\u00e7o de 2026 Enquadramento A Ag\u00eancia para a Gest\u00e3o do Sistema Educativo, I. P. (AGSE, I. P.) promove procedimento de recrutamento por mobilidade na [&hellip;]<\/p>\t\t\t<\/div>\n\t\t\t\t\t\t<div class=\"btn-wrapper\"><a href=\"https:\/\/agse.pt\/en\/tecnico-a-superior-unidade-de-aquisicoes\/\" class=\"c-icon-button\" title=\"Ir para T\u00e9cnico\/a Superior &#8211; Unidade de Aquisi\u00e7\u00f5es\"><i class=\"icon-material\" aria-hidden=\"true\" data-icon=\"arrow_forward\"><\/i><\/a><\/div>\n\t<\/div>\n<\/div>\n\t\t\t\t\t\t\t\t\t\t\t\t\t<div class=\"c-news-item\">\n\t<div id=\"TranslatedTitle\" style=\"display: none;\">\n\t\t&lt;span data-no-translation&gt;T\u00e9cnico\/a Superior \u2013 Unidade de Tesouraria e Patrim\u00f3nio&lt;\/span&gt;\t<\/div>\n\n\t\n\t\t\t<div class=\"image\"><img loading=\"lazy\" decoding=\"async\" width=\"600\" height=\"396\" src=\"https:\/\/agse.pt\/wp-content\/uploads\/2026\/02\/Imagens-AGSE-1687x1108px-4-1-600x396.jpg\" class=\"attachment-card-thumb size-card-thumb\" alt=\"Imagem gr\u00e1fica com fundo branco e azul\u2011escuro, apresentando o log\u00f3tipo \u201cAGSE\u201d no canto superior direito. O texto ao centro indica: \u201cT\u00e9cnico\/a Superior \u2013 Unidade de Tesouraria e Patrim\u00f3nio\u201d. A composi\u00e7\u00e3o inclui formas geom\u00e9tricas em tons de azul e verde no lado direito.\" srcset=\"https:\/\/agse.pt\/wp-content\/uploads\/2026\/02\/Imagens-AGSE-1687x1108px-4-1-600x396.jpg 600w, https:\/\/agse.pt\/wp-content\/uploads\/2026\/02\/Imagens-AGSE-1687x1108px-4-1-300x197.jpg 300w, https:\/\/agse.pt\/wp-content\/uploads\/2026\/02\/Imagens-AGSE-1687x1108px-4-1-18x12.jpg 18w\" sizes=\"auto, (max-width: 600px) 100vw, 600px\" \/><\/div>\t<div class=\"info\">\n\t\t\t\t<span class=\"date\">19 Feb 2026<\/span>\n\t\t<h3 class=\"title\"><span>T\u00e9cnico\/a Superior \u2013 Unidade de Tesouraria e Patrim\u00f3nio<\/span><\/h3>\t\t\t\t\t<div class=\"c-description\">\n\t\t\t\t<p>C\u00f3digo BEP: OE202602\/0572Tipo de procedimento: Recrutamento por mobilidade na categoriaEntidade: AGSE &#8211; Ag\u00eancia para a Gest\u00e3o do Sistema Educativo, I. P.Per\u00edodo de candidatura: 19 de fevereiro de 2026 a 5 de mar\u00e7o de 2026 Enquadramento A Ag\u00eancia para a Gest\u00e3o do Sistema Educativo, I. P. (AGSE, I. P.) promove procedimento de recrutamento por mobilidade na [&hellip;]<\/p>\t\t\t<\/div>\n\t\t\t\t\t\t<div class=\"btn-wrapper\"><a href=\"https:\/\/agse.pt\/en\/tecnico-a-superior-unidade-de-tesouraria-e-patrimonio\/\" class=\"c-icon-button\" title=\"Ir para T\u00e9cnico\/a Superior \u2013 Unidade de Tesouraria e Patrim\u00f3nio\"><i class=\"icon-material\" aria-hidden=\"true\" data-icon=\"arrow_forward\"><\/i><\/a><\/div>\n\t<\/div>\n<\/div>\n\t\t\t\t\t\t\t\t\t\t\t\t\t<div class=\"c-news-item\">\n\t<div id=\"TranslatedTitle\" style=\"display: none;\">\n\t\t&lt;span data-no-translation&gt;T\u00e9cnico\/a Superior \u2013 Unidade de Apoio Jur\u00eddico&lt;\/span&gt;\t<\/div>\n\n\t\n\t\t\t<div class=\"image\"><img loading=\"lazy\" decoding=\"async\" width=\"600\" height=\"396\" src=\"https:\/\/agse.pt\/wp-content\/uploads\/2026\/02\/Imagens-AGSE-1687x1108px-7-600x396.jpg\" class=\"attachment-card-thumb size-card-thumb\" alt=\"Imagem gr\u00e1fica com fundo branco e azul\u2011escuro, contendo o log\u00f3tipo \u201cAGSE\u201d no canto superior direito. Ao centro l\u00ea\u2011se o texto: \u201cT\u00e9cnico\/a Superior \u2013 Unidade de Apoio Jur\u00eddico\u201d. A composi\u00e7\u00e3o inclui formas geom\u00e9tricas em tons de azul e verde na lateral direita.\" srcset=\"https:\/\/agse.pt\/wp-content\/uploads\/2026\/02\/Imagens-AGSE-1687x1108px-7-600x396.jpg 600w, https:\/\/agse.pt\/wp-content\/uploads\/2026\/02\/Imagens-AGSE-1687x1108px-7-300x197.jpg 300w, https:\/\/agse.pt\/wp-content\/uploads\/2026\/02\/Imagens-AGSE-1687x1108px-7-18x12.jpg 18w\" sizes=\"auto, (max-width: 600px) 100vw, 600px\" \/><\/div>\t<div class=\"info\">\n\t\t\t\t<span class=\"date\">18 Feb 2026<\/span>\n\t\t<h3 class=\"title\"><span>T\u00e9cnico\/a Superior \u2013 Unidade de Apoio Jur\u00eddico<\/span><\/h3>\t\t\t\t\t<div class=\"c-description\">\n\t\t\t\t<p>C\u00f3digo BEP: OE202602\/0474Tipo de procedimento: Recrutamento por mobilidade na categoriaEntidade: AGSE &#8211; Ag\u00eancia para a Gest\u00e3o do Sistema Educativo, I. P.Per\u00edodo de candidatura: 16 de fevereiro de 2026 a 3 de mar\u00e7o de 2026 Enquadramento A Ag\u00eancia para a Gest\u00e3o do Sistema Educativo, I. P. (AGSE, I. P.) promove procedimento de recrutamento por mobilidade na [&hellip;]<\/p>\t\t\t<\/div>\n\t\t\t\t\t\t<div class=\"btn-wrapper\"><a href=\"https:\/\/agse.pt\/en\/tecnico-a-superior-unidade-de-apoio-juridico\/\" class=\"c-icon-button\" title=\"Ir para T\u00e9cnico\/a Superior \u2013 Unidade de Apoio Jur\u00eddico\"><i class=\"icon-material\" aria-hidden=\"true\" data-icon=\"arrow_forward\"><\/i><\/a><\/div>\n\t<\/div>\n<\/div>\n\t\t\t\t\t\t\t\t\t\t\t\t\t<div class=\"c-news-item\">\n\t<div id=\"TranslatedTitle\" style=\"display: none;\">\n\t\t&lt;span data-no-translation&gt;T\u00e9cnico\/a Superior &#8211; Departamento de Regimes Especiais&lt;\/span&gt;\t<\/div>\n\n\t\n\t\t\t<div class=\"image\"><img loading=\"lazy\" decoding=\"async\" width=\"600\" height=\"396\" src=\"https:\/\/agse.pt\/wp-content\/uploads\/2026\/02\/Imagens-AGSE-1687x1108px-9-600x396.png\" class=\"attachment-card-thumb size-card-thumb\" alt=\"Imagem ilustrativa Vaga Departamento de Regimes Especiais\" srcset=\"https:\/\/agse.pt\/wp-content\/uploads\/2026\/02\/Imagens-AGSE-1687x1108px-9-600x396.png 600w, https:\/\/agse.pt\/wp-content\/uploads\/2026\/02\/Imagens-AGSE-1687x1108px-9-300x197.png 300w, https:\/\/agse.pt\/wp-content\/uploads\/2026\/02\/Imagens-AGSE-1687x1108px-9-18x12.png 18w\" sizes=\"auto, (max-width: 600px) 100vw, 600px\" \/><\/div>\t<div class=\"info\">\n\t\t\t\t<span class=\"date\">18 Feb 2026<\/span>\n\t\t<h3 class=\"title\"><span>T\u00e9cnico\/a Superior &#8211; Departamento de Regimes Especiais<\/span><\/h3>\t\t\t\t\t<div class=\"c-description\">\n\t\t\t\t<p>C\u00f3digo BEP: OE202602\/0531Tipo de procedimento: Mobilidade InternaCarreira \/ Categoria: T\u00e9cnico SuperiorN.\u00ba de postos de trabalho: 3Local de trabalho: LisboaPer\u00edodo de candidatura: 18 de fevereiro de 2026 a 4 de mar\u00e7o de 2026 Enquadramento A Ag\u00eancia para a Gest\u00e3o do Sistema Educativo, I. P. (AGSE, I. P.) promove procedimento de mobilidade interna para o preenchimento de [&hellip;]<\/p>\t\t\t<\/div>\n\t\t\t\t\t\t<div class=\"btn-wrapper\"><a href=\"https:\/\/agse.pt\/en\/tecnico-a-superior-departamento-de-regimes-especiais\/\" class=\"c-icon-button\" title=\"Ir para T\u00e9cnico\/a Superior &#8211; Departamento de Regimes Especiais\"><i class=\"icon-material\" aria-hidden=\"true\" data-icon=\"arrow_forward\"><\/i><\/a><\/div>\n\t<\/div>\n<\/div>\n\t\t\t\t\t\t\t\t\t\t\t\t\t<div class=\"c-news-item\">\n\t<div id=\"TranslatedTitle\" style=\"display: none;\">\n\t\t&lt;span data-no-translation&gt;T\u00e9cnico\/a Superior \u2013 Unidade de Contratos no \u00e2mbito do Estatuto do Ensino Particular e Cooperativo&lt;\/span&gt;\t<\/div>\n\n\t\n\t\t\t<div class=\"image\"><img loading=\"lazy\" decoding=\"async\" width=\"600\" height=\"396\" src=\"https:\/\/agse.pt\/wp-content\/uploads\/2026\/02\/Imagens-AGSE-1687x1108px-8-600x396.png\" class=\"attachment-card-thumb size-card-thumb\" alt=\"Imagens AGSE 1687x1108px (8)\" srcset=\"https:\/\/agse.pt\/wp-content\/uploads\/2026\/02\/Imagens-AGSE-1687x1108px-8-600x396.png 600w, https:\/\/agse.pt\/wp-content\/uploads\/2026\/02\/Imagens-AGSE-1687x1108px-8-300x197.png 300w, https:\/\/agse.pt\/wp-content\/uploads\/2026\/02\/Imagens-AGSE-1687x1108px-8-18x12.png 18w\" sizes=\"auto, (max-width: 600px) 100vw, 600px\" \/><\/div>\t<div class=\"info\">\n\t\t\t\t<span class=\"date\">18 Feb 2026<\/span>\n\t\t<h3 class=\"title\"><span>T\u00e9cnico\/a Superior \u2013 Unidade de Contratos no \u00e2mbito do Estatuto do Ensino Particular e Cooperativo<\/span><\/h3>\t\t\t\t\t<div class=\"c-description\">\n\t\t\t\t<p>C\u00f3digo BEP: OE202602\/0476Tipo de procedimento: Recrutamento por mobilidade na categoriaEntidade: AGSE &#8211; Ag\u00eancia para a Gest\u00e3o do Sistema Educativo, I. P.Per\u00edodo de candidatura: 16 de fevereiro de 2026 a 3 de mar\u00e7o de 2026 Enquadramento A Ag\u00eancia para a Gest\u00e3o do Sistema Educativo, I. P. (AGSE, I. P.) promove procedimento de recrutamento por mobilidade na [&hellip;]<\/p>\t\t\t<\/div>\n\t\t\t\t\t\t<div class=\"btn-wrapper\"><a href=\"https:\/\/agse.pt\/en\/tecnico-a-superior-unidade-de-contratos-no-ambito-do-estatuto-do-ensino-particular-e-cooperativo\/\" class=\"c-icon-button\" title=\"Ir para T\u00e9cnico\/a Superior \u2013 Unidade de Contratos no \u00e2mbito do Estatuto do Ensino Particular e Cooperativo\"><i class=\"icon-material\" aria-hidden=\"true\" data-icon=\"arrow_forward\"><\/i><\/a><\/div>\n\t<\/div>\n<\/div>\n\t\t\t\t\t\t\t\t\t\t\t\t\t<div class=\"c-news-item\">\n\t<div id=\"TranslatedTitle\" style=\"display: none;\">\n\t\t&lt;span data-no-translation&gt;T\u00e9cnico\/a Superior &#8211; Unidade de Apoio aos \u00d3rg\u00e3os de Administra\u00e7\u00e3o e Gest\u00e3o&lt;\/span&gt;\t<\/div>\n\n\t\n\t\t\t<div class=\"image\"><img loading=\"lazy\" decoding=\"async\" width=\"600\" height=\"396\" src=\"https:\/\/agse.pt\/wp-content\/uploads\/2026\/02\/Imagens-AGSE-1687x1108px-11-600x396.png\" class=\"attachment-card-thumb size-card-thumb\" alt=\"Imagem Ilustrativa Vaga Unidade de Apoio aos Org\u00e3os de Administra\u00e7\u00e3o e Gest\u00e3o\" srcset=\"https:\/\/agse.pt\/wp-content\/uploads\/2026\/02\/Imagens-AGSE-1687x1108px-11-600x396.png 600w, https:\/\/agse.pt\/wp-content\/uploads\/2026\/02\/Imagens-AGSE-1687x1108px-11-300x197.png 300w, https:\/\/agse.pt\/wp-content\/uploads\/2026\/02\/Imagens-AGSE-1687x1108px-11-18x12.png 18w\" sizes=\"auto, (max-width: 600px) 100vw, 600px\" \/><\/div>\t<div class=\"info\">\n\t\t\t\t<span class=\"date\">18 Feb 2026<\/span>\n\t\t<h3 class=\"title\"><span>T\u00e9cnico\/a Superior &#8211; Unidade de Apoio aos \u00d3rg\u00e3os de Administra\u00e7\u00e3o e Gest\u00e3o<\/span><\/h3>\t\t\t\t\t<div class=\"c-description\">\n\t\t\t\t<p>C\u00f3digo BEP: OE202602\/0475Tipo de procedimento: Mobilidade InternaCarreira \/ Categoria: T\u00e9cnico SuperiorN.\u00ba de postos de trabalho: 2Local de trabalho: LisboaPer\u00edodo de candidatura: 16 de fevereiro de 2026 a 3 de mar\u00e7o de 2026 Enquadramento A Ag\u00eancia para a Gest\u00e3o do Sistema Educativo, I. P. (AGSE, I. P.) promove procedimento de mobilidade interna para o preenchimento de [&hellip;]<\/p>\t\t\t<\/div>\n\t\t\t\t\t\t<div class=\"btn-wrapper\"><a href=\"https:\/\/agse.pt\/en\/tecnico-a-superior-unidade-de-apoio-aos-orgaos-de-administracao-e-gestao\/\" class=\"c-icon-button\" title=\"Ir para T\u00e9cnico\/a Superior &#8211; Unidade de Apoio aos \u00d3rg\u00e3os de Administra\u00e7\u00e3o e Gest\u00e3o\"><i class=\"icon-material\" aria-hidden=\"true\" data-icon=\"arrow_forward\"><\/i><\/a><\/div>\n\t<\/div>\n<\/div>\n\t\t\t\t\t\t\t\t\t\t\t\t\t<div class=\"c-news-item\">\n\t<div id=\"TranslatedTitle\" style=\"display: none;\">\n\t\t&lt;span data-no-translation&gt;T\u00e9cnico\/a Superior \u2013 Unidade de Planeamento Organizacional&lt;\/span&gt;\t<\/div>\n\n\t\n\t\t\t<div class=\"image\"><img loading=\"lazy\" decoding=\"async\" width=\"600\" height=\"396\" src=\"https:\/\/agse.pt\/wp-content\/uploads\/2026\/02\/Imagens-AGSE-1687x1108px-11-1-600x396.png\" class=\"attachment-card-thumb size-card-thumb\" alt=\"Imagem institucional da AGSE com fundo branco, azul\u2011escuro e verde. \u00c0 esquerda surge o texto \u201cT\u00e9cnico\/a Superior \u2013 Unidade de Planeamento Organizacional\u201d. No canto superior direito apresenta\u2011se o log\u00f3tipo da AGSE.\" srcset=\"https:\/\/agse.pt\/wp-content\/uploads\/2026\/02\/Imagens-AGSE-1687x1108px-11-1-600x396.png 600w, https:\/\/agse.pt\/wp-content\/uploads\/2026\/02\/Imagens-AGSE-1687x1108px-11-1-300x197.png 300w, https:\/\/agse.pt\/wp-content\/uploads\/2026\/02\/Imagens-AGSE-1687x1108px-11-1-18x12.png 18w\" sizes=\"auto, (max-width: 600px) 100vw, 600px\" \/><\/div>\t<div class=\"info\">\n\t\t\t\t\t<span class=\"caption\">Recrutamento por mobilidade<\/span>\t\t<span class=\"date\">11 Feb 2026<\/span>\n\t\t<h3 class=\"title\"><span>T\u00e9cnico\/a Superior \u2013 Unidade de Planeamento Organizacional<\/span><\/h3>\t\t\t\t\t<div class=\"c-description\">\n\t\t\t\t<p>C\u00f3digo BEP:\u00a0OE202602\/0312Tipo de procedimento:\u00a0Recrutamento por mobilidade na categoria ou intercarreirasEntidade: AGSE, I. P.Per\u00edodo de candidatura:\u00a010 de fevereiro de 2026 a 25 de fevereiro de 2026 Enquadramento A Ag\u00eancia para a Gest\u00e3o do Sistema Educativo, I. P. (AGSE, I. P.) promove procedimento de recrutamento por mobilidade, na categoria ou intercarreiras, para o preenchimento de 1 (um) [&hellip;]<\/p>\t\t\t<\/div>\n\t\t\t\t\t\t\t<p class=\"aux-text\">Ag\u00eancia para a Gest\u00e3o do Sistema Educativo<\/p>\t\t<div class=\"btn-wrapper\"><a href=\"https:\/\/agse.pt\/en\/tecnico-a-superior-unidade-de-planeamento-organizacional\/\" class=\"c-icon-button\" title=\"Ir para T\u00e9cnico\/a Superior \u2013 Unidade de Planeamento Organizacional\"><i class=\"icon-material\" aria-hidden=\"true\" data-icon=\"arrow_forward\"><\/i><\/a><\/div>\n\t<\/div>\n<\/div>\n\t\t\t\t\t\t\t\t\t\t\t<\/div>\n\t\t\t\t<\/div>\n\t\t\t\n\t\t<\/section>\n\t\n","protected":false},"excerpt":{"rendered":"","protected":false},"author":3,"featured_media":0,"parent":2488,"menu_order":0,"comment_status":"closed","ping_status":"closed","template":"","meta":{"_acf_changed":false,"footnotes":""},"class_list":["post-5814","page","type-page","status-publish","hentry"],"acf":[],"yoast_head":"<!-- This site is optimized with the Yoast SEO plugin v27.5 - https:\/\/yoast.com\/product\/yoast-seo-wordpress\/ -->\n<title>Vagas encerradas - AGSE<\/title>\n<meta name=\"robots\" content=\"index, follow, max-snippet:-1, max-image-preview:large, max-video-preview:-1\" \/>\n<link rel=\"canonical\" href=\"https:\/\/agse.pt\/en\/recrutamento\/vagas-encerradas\/\" \/>\n<meta property=\"og:locale\" content=\"en_GB\" \/>\n<meta property=\"og:type\" content=\"article\" \/>\n<meta property=\"og:title\" content=\"Vagas encerradas - AGSE\" \/>\n<meta property=\"og:url\" content=\"https:\/\/agse.pt\/en\/recrutamento\/vagas-encerradas\/\" \/>\n<meta property=\"og:site_name\" content=\"AGSE\" \/>\n<meta property=\"article:modified_time\" content=\"2026-04-21T15:50:47+00:00\" \/>\n<meta name=\"twitter:card\" content=\"summary_large_image\" \/>\n<script type=\"application\/ld+json\" class=\"yoast-schema-graph\">{\"@context\":\"https:\\\/\\\/schema.org\",\"@graph\":[{\"@type\":\"WebPage\",\"@id\":\"https:\\\/\\\/agse.pt\\\/recrutamento\\\/vagas-encerradas\\\/\",\"url\":\"https:\\\/\\\/agse.pt\\\/recrutamento\\\/vagas-encerradas\\\/\",\"name\":\"Vagas encerradas - AGSE\",\"isPartOf\":{\"@id\":\"https:\\\/\\\/site1.dev.fccn.pt\\\/#website\"},\"datePublished\":\"2026-04-21T15:48:38+00:00\",\"dateModified\":\"2026-04-21T15:50:47+00:00\",\"breadcrumb\":{\"@id\":\"https:\\\/\\\/agse.pt\\\/recrutamento\\\/vagas-encerradas\\\/#breadcrumb\"},\"inLanguage\":\"en-GB\",\"potentialAction\":[{\"@type\":\"ReadAction\",\"target\":[\"https:\\\/\\\/agse.pt\\\/recrutamento\\\/vagas-encerradas\\\/\"]}]},{\"@type\":\"BreadcrumbList\",\"@id\":\"https:\\\/\\\/agse.pt\\\/recrutamento\\\/vagas-encerradas\\\/#breadcrumb\",\"itemListElement\":[{\"@type\":\"ListItem\",\"position\":1,\"name\":\"Home\",\"item\":\"https:\\\/\\\/agse.pt\\\/\"},{\"@type\":\"ListItem\",\"position\":2,\"name\":\"Recrutamento\",\"item\":\"https:\\\/\\\/agse.pt\\\/recrutamento\\\/\"},{\"@type\":\"ListItem\",\"position\":3,\"name\":\"Vagas encerradas\"}]},{\"@type\":\"WebSite\",\"@id\":\"https:\\\/\\\/site1.dev.fccn.pt\\\/#website\",\"url\":\"https:\\\/\\\/site1.dev.fccn.pt\\\/\",\"name\":\"AGSE\",\"description\":\"Ag\u00eancia para a Gest\u00e3o do Sistema Educativo\",\"potentialAction\":[{\"@type\":\"SearchAction\",\"target\":{\"@type\":\"EntryPoint\",\"urlTemplate\":\"https:\\\/\\\/site1.dev.fccn.pt\\\/?s={search_term_string}\"},\"query-input\":{\"@type\":\"PropertyValueSpecification\",\"valueRequired\":true,\"valueName\":\"search_term_string\"}}],\"inLanguage\":\"en-GB\"}]}<\/script>\n<!-- \/ Yoast SEO plugin. -->","yoast_head_json":{"title":"Vagas encerradas - AGSE","robots":{"index":"index","follow":"follow","max-snippet":"max-snippet:-1","max-image-preview":"max-image-preview:large","max-video-preview":"max-video-preview:-1"},"canonical":"https:\/\/agse.pt\/en\/recrutamento\/vagas-encerradas\/","og_locale":"en_GB","og_type":"article","og_title":"Vagas encerradas - AGSE","og_url":"https:\/\/agse.pt\/en\/recrutamento\/vagas-encerradas\/","og_site_name":"AGSE","article_modified_time":"2026-04-21T15:50:47+00:00","twitter_card":"summary_large_image","schema":{"@context":"https:\/\/schema.org","@graph":[{"@type":"WebPage","@id":"https:\/\/agse.pt\/recrutamento\/vagas-encerradas\/","url":"https:\/\/agse.pt\/recrutamento\/vagas-encerradas\/","name":"Vagas encerradas - AGSE","isPartOf":{"@id":"https:\/\/site1.dev.fccn.pt\/#website"},"datePublished":"2026-04-21T15:48:38+00:00","dateModified":"2026-04-21T15:50:47+00:00","breadcrumb":{"@id":"https:\/\/agse.pt\/recrutamento\/vagas-encerradas\/#breadcrumb"},"inLanguage":"en-GB","potentialAction":[{"@type":"ReadAction","target":["https:\/\/agse.pt\/recrutamento\/vagas-encerradas\/"]}]},{"@type":"BreadcrumbList","@id":"https:\/\/agse.pt\/recrutamento\/vagas-encerradas\/#breadcrumb","itemListElement":[{"@type":"ListItem","position":1,"name":"Home","item":"https:\/\/agse.pt\/"},{"@type":"ListItem","position":2,"name":"Recrutamento","item":"https:\/\/agse.pt\/recrutamento\/"},{"@type":"ListItem","position":3,"name":"Vagas encerradas"}]},{"@type":"WebSite","@id":"https:\/\/site1.dev.fccn.pt\/#website","url":"https:\/\/site1.dev.fccn.pt\/","name":"AGSE","description":"Agency for the Management of the Education System","potentialAction":[{"@type":"SearchAction","target":{"@type":"EntryPoint","urlTemplate":"https:\/\/site1.dev.fccn.pt\/?s={search_term_string}"},"query-input":{"@type":"PropertyValueSpecification","valueRequired":true,"valueName":"search_term_string"}}],"inLanguage":"en-GB"}]}},"_links":{"self":[{"href":"https:\/\/agse.pt\/en\/wp-json\/wp\/v2\/pages\/5814","targetHints":{"allow":["GET"]}}],"collection":[{"href":"https:\/\/agse.pt\/en\/wp-json\/wp\/v2\/pages"}],"about":[{"href":"https:\/\/agse.pt\/en\/wp-json\/wp\/v2\/types\/page"}],"author":[{"embeddable":true,"href":"https:\/\/agse.pt\/en\/wp-json\/wp\/v2\/users\/3"}],"replies":[{"embeddable":true,"href":"https:\/\/agse.pt\/en\/wp-json\/wp\/v2\/comments?post=5814"}],"version-history":[{"count":3,"href":"https:\/\/agse.pt\/en\/wp-json\/wp\/v2\/pages\/5814\/revisions"}],"predecessor-version":[{"id":5817,"href":"https:\/\/agse.pt\/en\/wp-json\/wp\/v2\/pages\/5814\/revisions\/5817"}],"up":[{"embeddable":true,"href":"https:\/\/agse.pt\/en\/wp-json\/wp\/v2\/pages\/2488"}],"wp:attachment":[{"href":"https:\/\/agse.pt\/en\/wp-json\/wp\/v2\/media?parent=5814"}],"curies":[{"name":"wp","href":"https:\/\/api.w.org\/{rel}","templated":true}]}}